{"id":2207,"date":"2021-05-06T16:03:01","date_gmt":"2021-05-06T16:03:01","guid":{"rendered":"https:\/\/isen.es\/?page_id=2207"},"modified":"2021-05-21T07:33:46","modified_gmt":"2021-05-21T07:33:46","slug":"covid-19-nuestros-protocolos","status":"publish","type":"page","link":"https:\/\/isen.es\/en\/covid-19-nuestros-protocolos\/","title":{"rendered":"COVID 19 &#8211; NUESTROS PROTOCOLOS"},"content":{"rendered":"<div class=\"vc_row wpb_row vc_row-fluid\"><div class=\"contenedor_filtro_azul_of_ac wpb_column vc_column_container vc_col-sm-12 vc_col-has-fill\"><div class=\"vc_column-inner vc_custom_1620316931264\"><div class=\"wpb_wrapper\"><div class=\"vc_row wpb_row vc_inner vc_row-fluid vc_custom_1617966770784\"><div class=\"contenedor_filtro_azul_of_ac_all wpb_column vc_column_container vc_col-sm-12\"><div class=\"vc_column-inner vc_custom_1616267773524\"><div class=\"wpb_wrapper\"><h1 style=\"text-align: left\" class=\"vc_custom_heading txt_centro_h1 vc_custom_1616271968183\" >COVID 19 &#8211; NUESTROS PROTOCOLOS<\/h1>\n\t<div class=\"wpb_text_column wpb_content_element  contenedor_filtro_azul_of_ac_all txt_sub_centro_h1\" >\n\t\t<div class=\"wpb_wrapper\">\n\t\t\t<p>Preparados para la nueva<br \/>\nnormalidad<\/p>\n\n\t\t<\/div>\n\t<\/div>\n\n\t<div class=\"wpb_text_column wpb_content_element\" >\n\t\t<div class=\"wpb_wrapper\">\n\t\t\t<div class=\"btn_2_prin\"><a class=\"btn_prin_centro\" href=\"#protocolos\">Protocolos<\/a><br \/>\n<a class=\"btn_prin_centro\" href=\"#adaptacion\">Adaptaci\u00f3n<\/a><\/div>\n\n\t\t<\/div>\n\t<\/div>\n<\/div><\/div><\/div><\/div><\/div><\/div><\/div><\/div><div class=\"vc_row wpb_row vc_row-fluid vc_custom_1620204877723\"><div class=\"p_alumni wpb_column vc_column_container vc_col-sm-12\"><div class=\"vc_column-inner\"><div class=\"wpb_wrapper\"><h2 style=\"text-align: left\" class=\"vc_custom_heading txt_volun_tit vc_custom_1620316945122\" >Preparados para la nueva<br \/>\nnormalidad<\/h2>\n\t<div class=\"wpb_text_column wpb_content_element  vc_custom_1620316952013\" >\n\t\t<div class=\"wpb_wrapper\">\n\t\t\t<p>Nuestra nueva normalidad la vivimos en nuestro edificio adaptado y con normas para cumplir nuestra<br \/>\nobligaci\u00f3n c\u00edvica y humanitaria. Presencialmente, esperamos tu colaboraci\u00f3n, online tenemos todo lo que<br \/>\nnecesitas.<\/p>\n<p>En ISEN Recomenzamos con la nueva normalidad nuestra actividad presencial en las aulas.<\/p>\n<p>Nos hemos adaptado, nuestras instalaciones y equipo para que t\u00fa formaci\u00f3n y experiencia no sea s\u00f3lo<br \/>\ntransformadora e innovadora sino tambi\u00e9n, segura.<\/p>\n<p>Seguimos adelante, ya queda menos, y \u00bft\u00fa, sabes qu\u00e9 hacer?<\/p>\n\n\t\t<\/div>\n\t<\/div>\n<\/div><\/div><\/div><\/div><div id=\"protocolos\" class=\"vc_row wpb_row vc_row-fluid Azul_isen_cover vc_custom_1620323350344 vc_row-has-fill\"><div class=\"p_alumni wpb_column vc_column_container vc_col-sm-12\"><div class=\"vc_column-inner\"><div class=\"wpb_wrapper\"><h2 style=\"text-align: left\" class=\"vc_custom_heading txt_volun_tit vc_custom_1621582023960\" >Protocolos<\/h2>\n\t<div class=\"wpb_text_column wpb_content_element  vc_custom_1621582070550\" >\n\t\t<div class=\"wpb_wrapper\">\n\t\t\t<p>Aqu\u00ed puedes encontrar los protocolos de la Universidad de Murcia.<br \/>\nNuestra actuaci\u00f3n con criterio y sentido com\u00fan es necesario en todo momento. T\u00fa eliges.<\/p>\n\n\t\t<\/div>\n\t<\/div>\n\n\t<div class=\"wpb_text_column wpb_content_element  vc_custom_1621582214439\" >\n\t\t<div class=\"wpb_wrapper\">\n\t\t\t<p><a href=\"https:\/\/www.um.es\/documents\/669211\/17483387\/PC3+ISEN+Cartagena.pdf\/2f58dd04-8c2b-4140-aecc-8a1a597d224f\" target=\"_blank\" rel=\"noopener\">Plan de Contingencia 3.0 ISEN CENTRO UNIVERSITARIO \u2013 (UMU)<\/a><br \/>\n<a href=\"https:\/\/isen.es\/wp-content\/uploads\/2021\/05\/Protocolo-contencion-COVID-19-examenes-presenciales-jun-jul-21.pdf\" target=\"_blank\" rel=\"noopener\">Protocolo contenci\u00f3n COVID-19 ex\u00e1menes presenciales junio-julio 2021 -UM<\/a><br \/>\n<a href=\"https:\/\/isen.es\/wp-content\/uploads\/2021\/05\/PROTOCOLO-DE-ACTUACION-ANTE-UN-CASO-SOSPECHOSO-COVID_08092020.pdf\" target=\"_blank\" rel=\"noopener\">Protocolo de actuaci\u00f3n ante un caso sospechoso<\/a><br \/>\n<a href=\"https:\/\/isen.es\/wp-content\/uploads\/2021\/05\/PROTOCOLO-DE-ACTUACION-ANTE-UN-CASO-POSITIVO-COVID_08092020.pdf\" target=\"_blank\" rel=\"noopener\">Protocolo de actuaci\u00f3n ante un caso positivo<\/a><\/p>\n\n\t\t<\/div>\n\t<\/div>\n<\/div><\/div><\/div><\/div><div id=\"adaptacion\" class=\"vc_row wpb_row vc_row-fluid vc_custom_1620392915158\"><div class=\"p_alumni wpb_column vc_column_container vc_col-sm-12\"><div class=\"vc_column-inner vc_custom_1620317552808\"><div class=\"wpb_wrapper\"><h2 style=\"text-align: left\" class=\"vc_custom_heading txt_volun_tit vc_custom_1620317263941\" >Estamos preparados<\/h2>\n\t<div class=\"wpb_text_column wpb_content_element  vc_custom_1620317272463\" >\n\t\t<div class=\"wpb_wrapper\">\n\t\t\t<p>La Sala COVID-19 de nuestro centro se encuentra junto a la Cantina, en el caso de que alguien tenga<br \/>\ns\u00edntomas, para identificar sus contactos estrechos, y para tomar las medidas de aislamiento que impidan<br \/>\nel contagio<\/p>\n\n\t\t<\/div>\n\t<\/div>\n<\/div><\/div><\/div><\/div><div id=\"Alumni\" class=\"vc_row wpb_row vc_row-fluid contenedor_text_v vc_custom_1620318197368 vc_row-o-full-height vc_row-o-columns-middle vc_row-o-equal-height vc_row-o-content-middle vc_row-flex\"><div class=\"wpb_column vc_column_container vc_col-sm-6\"><div class=\"vc_column-inner vc_custom_1620318168963\"><div class=\"wpb_wrapper\">\n\t<div  class=\"wpb_single_image wpb_content_element vc_align_left  vc_custom_1620318150815\">\n\t\t\n\t\t<figure class=\"wpb_wrapper vc_figure\">\n\t\t\t<div class=\"vc_single_image-wrapper   vc_box_border_grey\"><img loading=\"lazy\" decoding=\"async\" width=\"777\" height=\"949\" src=\"https:\/\/isen.es\/wp-content\/uploads\/2021\/03\/Interseccion-5-min.jpg\" class=\"vc_single_image-img attachment-full\" alt=\"\" srcset=\"https:\/\/isen.es\/wp-content\/uploads\/2021\/03\/Interseccion-5-min.jpg 777w, https:\/\/isen.es\/wp-content\/uploads\/2021\/03\/Interseccion-5-min-246x300.jpg 246w, https:\/\/isen.es\/wp-content\/uploads\/2021\/03\/Interseccion-5-min-768x938.jpg 768w\" sizes=\"auto, (max-width: 777px) 100vw, 777px\" \/><\/div>\n\t\t<\/figure>\n\t<\/div>\n<\/div><\/div><\/div><div class=\"p_alumni wpb_column vc_column_container vc_col-sm-6\"><div class=\"vc_column-inner vc_custom_1620318218811\"><div class=\"wpb_wrapper\"><h2 style=\"text-align: left\" class=\"vc_custom_heading tit_txt_h1\" >The Center<\/h2>\n\t<div class=\"wpb_text_column wpb_content_element  vc_custom_1620317324699\" >\n\t\t<div class=\"wpb_wrapper\">\n\t\t\t<p>Hemos analizado el espacio que disponemos para<br \/>\ndelimitar el aforo y garantizar la distancia social en<br \/>\nfunci\u00f3n de las indicaciones de las autoridades en cada<br \/>\nmomento. Se han cerrado algunas zonas y se\u00f1alizado<br \/>\nrecorridos (con rutas de ida y de vuelta) para minimizar<br \/>\nla circulaci\u00f3n por el interior de los edificios.<\/p>\n<p>Contamos con equipos para la purificaci\u00f3n del aire,<br \/>\ncon tecnolog\u00eda RCI \u201cActivPure\u201d, para purificar el aire<br \/>\ninterior mediante activadores naturales y, a su vez,<br \/>\nprotegernos contra virus y bacterias en espacios<br \/>\ncomo secretaria y la biblioteca.<\/p>\n\n\t\t<\/div>\n\t<\/div>\n<\/div><\/div><\/div><\/div><div class=\"vc_row wpb_row vc_row-fluid Azul_isen_cover vc_custom_1620392950253 vc_row-has-fill\"><div class=\"p_alumni wpb_column vc_column_container vc_col-sm-12\"><div class=\"vc_column-inner\"><div class=\"wpb_wrapper\"><h2 style=\"text-align: left\" class=\"vc_custom_heading txt_volun_tit vc_custom_1620317342370\" >Ultra desinfecci\u00f3n y cuidado<\/h2>\n\t<div class=\"wpb_text_column wpb_content_element  vc_custom_1620317350494\" >\n\t\t<div class=\"wpb_wrapper\">\n\t\t\t<p>Cada d\u00eda se limpian 2 veces el edificio por una empresa externa especializada. Todas las salas<br \/>\nde trabajo despu\u00e9s de cada uso- cada individuo debe utilizar el spray desinfectante con el rollo<br \/>\nde papel desechable. Todas las aulas cada vez que finalice un programa y cambien los alumnos,<br \/>\ncada alumno debe de limpiar su zona de uso.<\/p>\n<p>Todos los alumnos, profesores y equipos deben de mantener la rutina de limpieza desinfectante<br \/>\nantes de comenzar en su zona. Todos los puestos de trabajo que sean ocupados por turnos.<\/p>\n<p>Hemos instalado en las aulas equipos de regeneraci\u00f3n de aire forzada que genera ozono a bajo<br \/>\nnivel com protecci\u00f3n extra contra virus y bacterias. Siempre hay dispensadores de gel<br \/>\ndesinfectante en la entrada, dos exactamente, como en aulas, sal\u00f3n de actos y secretaria para<br \/>\ntodos los alumnos, empleados y visitantes. El uso del mismo es obligatorio.<\/p>\n\n\t\t<\/div>\n\t<\/div>\n<\/div><\/div><\/div><\/div><div class=\"vc_row wpb_row vc_row-fluid contenedor_text_v vc_custom_1620318321417 vc_row-o-full-height vc_row-o-columns-middle vc_row-o-equal-height vc_row-o-content-middle vc_row-flex\"><div class=\"wpb_column vc_column_container vc_col-sm-6\"><div class=\"vc_column-inner vc_custom_1620318168963\"><div class=\"wpb_wrapper\">\n\t<div  class=\"wpb_single_image wpb_content_element vc_align_left  vc_custom_1620318150815\">\n\t\t\n\t\t<figure class=\"wpb_wrapper vc_figure\">\n\t\t\t<div class=\"vc_single_image-wrapper   vc_box_border_grey\"><img loading=\"lazy\" decoding=\"async\" width=\"777\" height=\"949\" src=\"https:\/\/isen.es\/wp-content\/uploads\/2021\/03\/Interseccion-5-min.jpg\" class=\"vc_single_image-img attachment-full\" alt=\"\" srcset=\"https:\/\/isen.es\/wp-content\/uploads\/2021\/03\/Interseccion-5-min.jpg 777w, https:\/\/isen.es\/wp-content\/uploads\/2021\/03\/Interseccion-5-min-246x300.jpg 246w, https:\/\/isen.es\/wp-content\/uploads\/2021\/03\/Interseccion-5-min-768x938.jpg 768w\" sizes=\"auto, (max-width: 777px) 100vw, 777px\" \/><\/div>\n\t\t<\/figure>\n\t<\/div>\n<\/div><\/div><\/div><div class=\"p_alumni wpb_column vc_column_container vc_col-sm-6\"><div class=\"vc_column-inner vc_custom_1620318218811\"><div class=\"wpb_wrapper\"><h2 style=\"text-align: left\" class=\"vc_custom_heading tit_txt_h1\" >Servicio diagn\u00f3stico Covid-19 para estudiantes ISEN adscritos a la Universidad de Murcia<\/h2>\n\t<div class=\"wpb_text_column wpb_content_element  vc_custom_1620318276862\" >\n\t\t<div class=\"wpb_wrapper\">\n\t\t\t<p>Como alumnos de la universidad de MURCIA, cont\u00e1is con el nuevo servicio de diagnostico de COVID 19. Las PCR tienen un coste reducido a los estudiantes de este centro de 35\u20ac. <a href=\"https:\/\/www.um.es\/en\/web\/sala-prensa\/-\/la-umu-ofrece-el-servicio-de-pruebas-pcr-de-diagn\u00f3stico-del-covid-19-a-la-comunidad-universitaria-y-a-toda-la-ciudadan%C3%ADa\" target=\"_blank\" rel=\"noopener\">Para las citas sigue este enlace.<\/a><\/p>\n\n\t\t<\/div>\n\t<\/div>\n<\/div><\/div><\/div><\/div><div class=\"vc_row wpb_row vc_row-fluid Azul_isen_cover vc_custom_1620317205326 vc_row-has-fill\"><div class=\"p_alumni wpb_column vc_column_container vc_col-sm-12\"><div class=\"vc_column-inner\"><div class=\"wpb_wrapper\"><h2 style=\"text-align: left\" class=\"vc_custom_heading txt_volun_tit vc_custom_1620317425029\" >Adaptamos nuestras metodolog\u00edas<\/h2>\n\t<div class=\"wpb_text_column wpb_content_element  vc_custom_1620317433494\" >\n\t\t<div class=\"wpb_wrapper\">\n\t\t\t<p>Para ello hemos adaptado nuestros programas presenciales con el formato streaming en caso<br \/>\nque no puedas acudir en el caso de que haya un escenario de COVID-19. En todos los casos,<br \/>\ndebes de informar al profesor y al coordinador COVID-19 de tu situaci\u00f3n para que quede<br \/>\nregistrado y puedas asistir a las clases de una forma responsable.<\/p>\n\n\t\t<\/div>\n\t<\/div>\n<\/div><\/div><\/div><\/div><div class=\"vc_row wpb_row vc_row-fluid vc_custom_1620204877723\"><div class=\"p_alumni wpb_column vc_column_container vc_col-sm-12\"><div class=\"vc_column-inner\"><div class=\"wpb_wrapper\"><h2 style=\"text-align: left\" class=\"vc_custom_heading txt_volun_tit vc_custom_1620317454049\" >El Coordinador de Isen Covid-19 es:<\/h2>\n\t<div class=\"wpb_text_column wpb_content_element  vc_custom_1620318450535 opop\" >\n\t\t<div class=\"wpb_wrapper\">\n\t\t\t<p>Emilio Jim\u00e9nez Garc\u00eda<br \/>\nDirector de Gesti\u00f3n.<br \/>\n<a href=\"mailto:emiliojimenez@isen.es\">emiliojimenez@isen.es<\/a><br \/>\n<a href=\"tel: 34 968 50 53 13\">+34 968 50 53 13<\/a><\/p>\n\n\t\t<\/div>\n\t<\/div>\n<\/div><\/div><\/div><\/div>","protected":false},"excerpt":{"rendered":"COVID 19 &#8211; NUESTROS PROTOCOLOS Preparados para la nueva normalidad Protocolos Adaptaci\u00f3n Preparados para la nueva normalidad Nuestra nueva normalidad la vivimos en nuestro edificio [...]","protected":false},"author":2,"featured_media":0,"parent":0,"menu_order":0,"comment_status":"closed","ping_status":"closed","template":"","meta":{"_acf_changed":false,"inline_featured_image":false,"footnotes":""},"class_list":["post-2207","page","type-page","status-publish","hentry"],"acf":[],"yoast_head":"<!-- This site is optimized with the Yoast SEO plugin v27.5 - https:\/\/yoast.com\/product\/yoast-seo-wordpress\/ -->\n<title>COVID 19 - NUESTROS PROTOCOLOS - ISEN Centro Universitario<\/title>\n<meta name=\"robots\" content=\"index, follow, max-snippet:-1, max-image-preview:large, max-video-preview:-1\" \/>\n<link rel=\"canonical\" href=\"https:\/\/isen.es\/en\/covid-19-nuestros-protocolos\/\" \/>\n<meta property=\"og:locale\" content=\"en_GB\" \/>\n<meta property=\"og:type\" content=\"article\" \/>\n<meta property=\"og:title\" content=\"COVID 19 - NUESTROS PROTOCOLOS - ISEN Centro Universitario\" \/>\n<meta property=\"og:url\" content=\"https:\/\/isen.es\/en\/covid-19-nuestros-protocolos\/\" \/>\n<meta property=\"og:site_name\" content=\"ISEN Centro Universitario\" \/>\n<meta property=\"article:modified_time\" content=\"2021-05-21T07:33:46+00:00\" \/>\n<meta name=\"twitter:card\" content=\"summary_large_image\" \/>\n<meta name=\"twitter:label1\" content=\"Estimated reading time\" \/>\n\t<meta name=\"twitter:data1\" content=\"4 minutes\" \/>\n<script type=\"application\/ld+json\" class=\"yoast-schema-graph\">{\"@context\":\"https:\\\/\\\/schema.org\",\"@graph\":[{\"@type\":\"WebPage\",\"@id\":\"https:\\\/\\\/isen.es\\\/covid-19-nuestros-protocolos\\\/\",\"url\":\"https:\\\/\\\/isen.es\\\/covid-19-nuestros-protocolos\\\/\",\"name\":\"COVID 19 - NUESTROS PROTOCOLOS - ISEN Centro Universitario\",\"isPartOf\":{\"@id\":\"https:\\\/\\\/isen.es\\\/#website\"},\"datePublished\":\"2021-05-06T16:03:01+00:00\",\"dateModified\":\"2021-05-21T07:33:46+00:00\",\"breadcrumb\":{\"@id\":\"https:\\\/\\\/isen.es\\\/covid-19-nuestros-protocolos\\\/#breadcrumb\"},\"inLanguage\":\"en-GB\",\"potentialAction\":[{\"@type\":\"ReadAction\",\"target\":[\"https:\\\/\\\/isen.es\\\/covid-19-nuestros-protocolos\\\/\"]}]},{\"@type\":\"BreadcrumbList\",\"@id\":\"https:\\\/\\\/isen.es\\\/covid-19-nuestros-protocolos\\\/#breadcrumb\",\"itemListElement\":[{\"@type\":\"ListItem\",\"position\":1,\"name\":\"Portada\",\"item\":\"https:\\\/\\\/isen.es\\\/\"},{\"@type\":\"ListItem\",\"position\":2,\"name\":\"COVID 19 &#8211; NUESTROS PROTOCOLOS\"}]},{\"@type\":\"WebSite\",\"@id\":\"https:\\\/\\\/isen.es\\\/#website\",\"url\":\"https:\\\/\\\/isen.es\\\/\",\"name\":\"ISEN Centro Universitario\",\"description\":\"Facultad Adscrita a la Universidad de Murcia\",\"publisher\":{\"@id\":\"https:\\\/\\\/isen.es\\\/#organization\"},\"potentialAction\":[{\"@type\":\"SearchAction\",\"target\":{\"@type\":\"EntryPoint\",\"urlTemplate\":\"https:\\\/\\\/isen.es\\\/?s={search_term_string}\"},\"query-input\":{\"@type\":\"PropertyValueSpecification\",\"valueRequired\":true,\"valueName\":\"search_term_string\"}}],\"inLanguage\":\"en-GB\"},{\"@type\":\"Organization\",\"@id\":\"https:\\\/\\\/isen.es\\\/#organization\",\"name\":\"ISEN Centro Universitario\",\"url\":\"https:\\\/\\\/isen.es\\\/\",\"logo\":{\"@type\":\"ImageObject\",\"inLanguage\":\"en-GB\",\"@id\":\"https:\\\/\\\/isen.es\\\/#\\\/schema\\\/logo\\\/image\\\/\",\"url\":\"https:\\\/\\\/isen.es\\\/wp-content\\\/uploads\\\/2021\\\/05\\\/favicon-isen.png\",\"contentUrl\":\"https:\\\/\\\/isen.es\\\/wp-content\\\/uploads\\\/2021\\\/05\\\/favicon-isen.png\",\"width\":512,\"height\":512,\"caption\":\"ISEN Centro Universitario\"},\"image\":{\"@id\":\"https:\\\/\\\/isen.es\\\/#\\\/schema\\\/logo\\\/image\\\/\"}}]}<\/script>\n<!-- \/ Yoast SEO plugin. -->","yoast_head_json":{"title":"COVID 19 - NUESTROS PROTOCOLOS - ISEN Centro Universitario","robots":{"index":"index","follow":"follow","max-snippet":"max-snippet:-1","max-image-preview":"max-image-preview:large","max-video-preview":"max-video-preview:-1"},"canonical":"https:\/\/isen.es\/en\/covid-19-nuestros-protocolos\/","og_locale":"en_GB","og_type":"article","og_title":"COVID 19 - NUESTROS PROTOCOLOS - ISEN Centro Universitario","og_url":"https:\/\/isen.es\/en\/covid-19-nuestros-protocolos\/","og_site_name":"ISEN Centro Universitario","article_modified_time":"2021-05-21T07:33:46+00:00","twitter_card":"summary_large_image","twitter_misc":{"Estimated reading time":"4 minutes"},"schema":{"@context":"https:\/\/schema.org","@graph":[{"@type":"WebPage","@id":"https:\/\/isen.es\/covid-19-nuestros-protocolos\/","url":"https:\/\/isen.es\/covid-19-nuestros-protocolos\/","name":"COVID 19 - NUESTROS PROTOCOLOS - ISEN Centro Universitario","isPartOf":{"@id":"https:\/\/isen.es\/#website"},"datePublished":"2021-05-06T16:03:01+00:00","dateModified":"2021-05-21T07:33:46+00:00","breadcrumb":{"@id":"https:\/\/isen.es\/covid-19-nuestros-protocolos\/#breadcrumb"},"inLanguage":"en-GB","potentialAction":[{"@type":"ReadAction","target":["https:\/\/isen.es\/covid-19-nuestros-protocolos\/"]}]},{"@type":"BreadcrumbList","@id":"https:\/\/isen.es\/covid-19-nuestros-protocolos\/#breadcrumb","itemListElement":[{"@type":"ListItem","position":1,"name":"Portada","item":"https:\/\/isen.es\/"},{"@type":"ListItem","position":2,"name":"COVID 19 &#8211; NUESTROS PROTOCOLOS"}]},{"@type":"WebSite","@id":"https:\/\/isen.es\/#website","url":"https:\/\/isen.es\/","name":"ISEN Centro Universitario","description":"Facultad Adscrita a la Universidad de Murcia","publisher":{"@id":"https:\/\/isen.es\/#organization"},"potentialAction":[{"@type":"SearchAction","target":{"@type":"EntryPoint","urlTemplate":"https:\/\/isen.es\/?s={search_term_string}"},"query-input":{"@type":"PropertyValueSpecification","valueRequired":true,"valueName":"search_term_string"}}],"inLanguage":"en-GB"},{"@type":"Organization","@id":"https:\/\/isen.es\/#organization","name":"ISEN Centro Universitario","url":"https:\/\/isen.es\/","logo":{"@type":"ImageObject","inLanguage":"en-GB","@id":"https:\/\/isen.es\/#\/schema\/logo\/image\/","url":"https:\/\/isen.es\/wp-content\/uploads\/2021\/05\/favicon-isen.png","contentUrl":"https:\/\/isen.es\/wp-content\/uploads\/2021\/05\/favicon-isen.png","width":512,"height":512,"caption":"ISEN Centro Universitario"},"image":{"@id":"https:\/\/isen.es\/#\/schema\/logo\/image\/"}}]}},"_links":{"self":[{"href":"https:\/\/isen.es\/en\/wp-json\/wp\/v2\/pages\/2207","targetHints":{"allow":["GET"]}}],"collection":[{"href":"https:\/\/isen.es\/en\/wp-json\/wp\/v2\/pages"}],"about":[{"href":"https:\/\/isen.es\/en\/wp-json\/wp\/v2\/types\/page"}],"author":[{"embeddable":true,"href":"https:\/\/isen.es\/en\/wp-json\/wp\/v2\/users\/2"}],"replies":[{"embeddable":true,"href":"https:\/\/isen.es\/en\/wp-json\/wp\/v2\/comments?post=2207"}],"version-history":[{"count":42,"href":"https:\/\/isen.es\/en\/wp-json\/wp\/v2\/pages\/2207\/revisions"}],"predecessor-version":[{"id":4006,"href":"https:\/\/isen.es\/en\/wp-json\/wp\/v2\/pages\/2207\/revisions\/4006"}],"wp:attachment":[{"href":"https:\/\/isen.es\/en\/wp-json\/wp\/v2\/media?parent=2207"}],"curies":[{"name":"wp","href":"https:\/\/api.w.org\/{rel}","templated":true}]}}