{"id":3101,"date":"2021-06-14T10:39:31","date_gmt":"2021-06-14T08:39:31","guid":{"rendered":"https:\/\/isen.es\/?page_id=3101"},"modified":"2021-10-27T14:44:10","modified_gmt":"2021-10-27T12:44:10","slug":"home-2","status":"publish","type":"page","link":"https:\/\/isen.es\/en\/home-2\/","title":{"rendered":"Inicio"},"content":{"rendered":"<div class=\"vc_row wpb_row vc_row-fluid vc_custom_1617010587292\"><div class=\"wpb_column vc_column_container vc_col-sm-12\"><div class=\"vc_column-inner vc_custom_1616957718145\"><div class=\"wpb_wrapper\">    <link rel=\"stylesheet\" href=\"https:\/\/cdnjs.cloudflare.com\/ajax\/libs\/twitter-bootstrap\/4.1.3\/css\/bootstrap.min.css\"\/>\n    <link rel=\"stylesheet\" href=\"https:\/\/cdnjs.cloudflare.com\/ajax\/libs\/OwlCarousel2\/2.3.4\/assets\/owl.carousel.min.css\">\n\n    <script src=\"https:\/\/cdnjs.cloudflare.com\/ajax\/libs\/jquery\/3.1.0\/jquery.min.js\"><\/script>\n    <script src=\"https:\/\/cdnjs.cloudflare.com\/ajax\/libs\/OwlCarousel2\/2.3.4\/owl.carousel.min.js\"><\/script>\t\n\n<section class=\"slide-universidad-home\">\n    <div class=\"container\">\n        <div class=\"row justify-content-center\">\n            <div class=\"col-md-6\">\n                <div class=\"ivySlide owl-carousel\">\n\n                    <div class=\"item item_home\" style=\"background-image: url('https:\/\/isen.es\/wp-content\/uploads\/2021\/05\/slider-inicio-1.jpg');\">\n\n                        <video class=\"responsive_video\" playsinline=\"\" loop=\"\" autoplay=\"\" muted=\"\"\n                            poster=\"2477\">\n                            <source src=\"https:\/\/isen.es\/wp-content\/uploads\/2021\/05\/isen-tu-eliges_home.mp4\" type=\"video\/mp4\">\n                        <\/video>\n\n                        <span class=\"animate__animated animate__fadeInLeft\">\n                            ISEN University Center <br> Faculty associated with the University of Murcia                        <\/span>\n                        <h2 class=\"tit_sub_size_ animate__animated animate__fadeInLeft\">\n                            Your choice                        <\/h2>\n                        <div>\n\n                                                                                    <a href=\"https:\/\/isen.es\/en\/grados-universitarios\/\"\n                                target=\"\">\n                                Studies                            <\/a>\n                            \n\n                                                                                    <a href=\"https:\/\/isen.es\/en\/centro-universitario\/\"\n                                target=\"\">\n                                The Center                            <\/a>\n                                                    <\/div>\n\n                        <img decoding=\"async\" class=\"img-home-slide-br\" src=\"2287\" alt=\"\">\n\n                    <\/div>\n\n                    <div class=\"item item_home\"\n                        style=\"background-image: url('2287');\">\n\n                        <span>\n                            ACADEMY OFFER                        <\/span>\n                        <h2>\n                            Grados Universitarios y M\u00e1ster enfocados en el sector de la seguridad y la educaci\u00f3n                        <\/h2>\n                        <div>\n\n                                                                                    <a href=\"https:\/\/isen.es\/en\/oferta-academica\/\"\n                                target=\"\">\n                                M\u00e1sters                            <\/a>\n                            \n\n                                                                                <\/div>\n\n                        <img decoding=\"async\" class=\"img-home-slide-br\" src=\"\" alt=\"\">\n                    <\/div>\n\n                    <div class=\"item item_home\"\n                        style=\"background-image: url('');\">\n\n                        <span>\n                            SOSTENIBILIDAD                        <\/span>\n                        <h2>\n                            Nuestro edificio y nuestros valores est\u00e1n alineados con los ODS de la ONU                        <\/h2>\n                        <div>\n\n                                                                                    <a href=\"https:\/\/isen.es\/en\/contacto\/\"\n                                target=\"\">\n                                Contact                            <\/a>\n                            \n\n                                                                                <\/div>\n\n                        <!-- <img decoding=\"async\" class=\"img-home-slide-br\" src=\"\" alt=\"\">\n                    <\/div>\n\n                    <div class=\"item item_home\"\n                        style=\"background-image: url('');\">\n\n                        <span>\n                                                    <\/span>\n                        <h2>\n                                                    <\/h2>\n                        <div>\n\n                                                        \n\n                                                                                <\/div>                         -->\n\n                        <img decoding=\"async\" class=\"img-home-slide-br\" src=\"https:\/\/isen.es\/wp-content\/uploads\/2021\/05\/slider-inicio-1.jpg\" alt=\"\">\n\n                    <\/div>\n\n                <\/div>\n            <\/div>\n        <\/div>\n    <\/div>\n\n\n    <div class=\"slidetext-home\">\n        <div class=\"conetenerdor-inf-slide-home-prin\">\n            <span class=\"slide_count_isen\"><\/span>\n            <div class=\"slideState\"><span><\/span><\/div>\n            <span>03<\/span>\n        <\/div>\n    <\/div>\n<\/section>\n  <script>\n       $(function(){\n$('.ivySlide').owlCarousel({\n  smartSpeed: 500,\n  loop:true,\n  items: 1,\n  margin:0,\n  nav:true,\n\tautoplay:false,\n\tautoplayTimeout:5000,\n\tautoplayHoverPause:false,\n  dots:false,\n  onInitialized:counter,\n  onTranslated:counter\n});\nfunction counter(event) {\n  var element = event.target;\n  var items = event.item.count;\n  var item = event.item.index - 1;\n  var sldtxt = $('slide-universidad-home .active .ivySlideTxt').html();\n  var sldWidth = 1;\n\n  var sldPercent = item * 15 ;\n  var sldPercent1 = sldWidth * item;\n\tconsole.log(item);\n    $('.slide-universidad-home .slideState span').css(\"width\", sldPercent + \"%\");\n\n  $('.slide-universidad-home .slidetext-home .slide_count_isen').html( \"0\" + sldPercent1);\n\n    if(item == 0){\n\n    $('.slide-universidad-home .slideState span').css(\"width\", 100 + \"%\");\n     $('.slidetext-home .slide_count_isen').html( \"0\" + 3);\n    }\n  \n  if(item == 1){\n\n    $('.slide-universidad-home .slideState span').css(\"width\", 33 + \"%\");\n\n    }\n\n    if(item == 2){\n\n    $('.slide-universidad-home .slideState span').css(\"width\", 66 + \"%\");\n\n    }\n\n    if(item == 3){\n\n    $('.slide-universidad-home .slideState span').css(\"width\", 100 + \"%\");\n\n    }\n\n}\n});\n\n\n   <\/script>\n\n\n\t<div class=\"wpb_text_column wpb_content_element  vc_custom_1616961166655\" >\n\t\t<div class=\"wpb_wrapper\">\n\t\t\t\n\n\t\t<\/div>\n\t<\/div>\n<div class=\"vc_row wpb_row vc_inner vc_row-fluid\"><div class=\"wpb_column vc_column_container vc_col-sm-12\"><div class=\"vc_column-inner\"><div class=\"wpb_wrapper\"><div class=\"cont_video_responsive\">\n\t\n\t<video class=\"responsive_video_Aa\" playsinline=\"\" loop=\"\" autoplay=\"\" muted=\"\" controls>\n\t\t<source src=\"https:\/\/isen.es\/wp-content\/uploads\/2021\/05\/isen-tu-eliges_home.mp4\" type=\"video\/mp4\">\n\t<\/video>\n<\/div>\n\n\n\n\t\n\t<div class=\"wpb_text_column wpb_content_element\" >\n\t\t<div class=\"wpb_wrapper\">\n\t\t\t\n\n\t\t<\/div>\n\t<\/div>\n<\/div><\/div><\/div><\/div><\/div><\/div><\/div><\/div><div class=\"vc_row wpb_row vc_row-fluid vc_custom_1620373448012 vc_row-has-fill\"><div class=\"noti_cov wpb_column vc_column_container vc_col-sm-12\"><div class=\"vc_column-inner\"><div class=\"wpb_wrapper\">\n\t<div  class=\"wpb_single_image wpb_content_element vc_align_center  vc_custom_1620813730009  cont_img_uni_mur\">\n\t\t\n\t\t<figure class=\"wpb_wrapper vc_figure\">\n\t\t\t<div class=\"vc_single_image-wrapper   vc_box_border_grey\"><img loading=\"lazy\" decoding=\"async\" class=\"vc_single_image-img\" src=\"https:\/\/isen.es\/wp-content\/uploads\/2021\/05\/logo-universidad-murcia-450x100.jpeg\" width=\"450\" height=\"100\" alt=\"logo-universidad-murcia\" title=\"logo-universidad-murcia\" \/><\/div>\n\t\t<\/figure>\n\t<\/div>\n<h2 style=\"text-align: center\" class=\"vc_custom_heading\" >At ISEN University Center we stand by you.<\/h2>\n\t<div class=\"wpb_text_column wpb_content_element\" >\n\t\t<div class=\"wpb_wrapper\">\n\t\t\t<p>We follow the official protocols by the <a class=\"en_1_enlace\" href=\"https:\/\/www.um.es\/web\/universidad\/contenido\/coronavirus\" target=\"_blank\" rel=\"noopener\">University of Murcia regarding Covid-19.<\/a><br \/>\nThe new normal is getting closer, but we must uphold our responsibility. Your choice.<\/p>\n\n\t\t<\/div>\n\t<\/div>\n\n\t<div class=\"wpb_text_column wpb_content_element\" >\n\t\t<div class=\"wpb_wrapper\">\n\t\t\t<p><a class=\"btn_prin_centro\" href=\"https:\/\/isen.es\/en\/covid-19-nuestros-protocolos\/\">Consult<\/a><\/p>\n\n\t\t<\/div>\n\t<\/div>\n<\/div><\/div><\/div><\/div><div class=\"vc_row wpb_row vc_row-fluid contenedor_text_v vc_custom_1617197370070 vc_row-o-full-height vc_row-o-columns-bottom vc_row-o-equal-height vc_row-flex\"><div class=\"wpb_column vc_column_container vc_col-sm-1\"><div class=\"vc_column-inner vc_custom_1617016312799\"><div class=\"wpb_wrapper\">\n\t<div class=\"wpb_text_column wpb_content_element  vc_custom_1617011470901\" >\n\t\t<div class=\"wpb_wrapper\">\n\t\t\t<p style=\"text-align: center;\"><span class=\"txt_1h_v\">University Center<\/span><\/p>\n\n\t\t<\/div>\n\t<\/div>\n<\/div><\/div><\/div><div class=\"conten_he_img wpb_column vc_column_container vc_col-sm-5 vc_col-sm-offset-0\"><div class=\"vc_column-inner vc_custom_1617731855125\"><div class=\"wpb_wrapper\">\n\t<div  class=\"wpb_single_image wpb_content_element vc_align_left  vc_custom_1617013093003\">\n\t\t\n\t\t<figure class=\"wpb_wrapper vc_figure\">\n\t\t\t<div class=\"vc_single_image-wrapper   vc_box_border_grey\"><img loading=\"lazy\" decoding=\"async\" width=\"777\" height=\"949\" src=\"https:\/\/isen.es\/wp-content\/uploads\/2021\/03\/Interseccion-3-min.jpg\" class=\"vc_single_image-img attachment-full\" alt=\"\" srcset=\"https:\/\/isen.es\/wp-content\/uploads\/2021\/03\/Interseccion-3-min.jpg 777w, https:\/\/isen.es\/wp-content\/uploads\/2021\/03\/Interseccion-3-min-246x300.jpg 246w, https:\/\/isen.es\/wp-content\/uploads\/2021\/03\/Interseccion-3-min-768x938.jpg 768w\" sizes=\"auto, (max-width: 777px) 100vw, 777px\" \/><\/div>\n\t\t<\/figure>\n\t<\/div>\n<\/div><\/div><\/div><div class=\"wpb_column vc_column_container vc_col-sm-6 vc_col-sm-offset-0\"><div class=\"vc_column-inner vc_custom_1617731818160\"><div class=\"wpb_wrapper\"><h2 style=\"text-align: left\" class=\"vc_custom_heading tit_txt_h1 vc_custom_1617197358647\" >The best from the public<br \/>\nplus the best from the private<br \/>\ntowards at the forefront<br \/>\nin education<\/h2><div class=\"vc_row wpb_row vc_inner vc_row-fluid vc_custom_1617010771220 vc_row-o-equal-height vc_row-o-content-bottom vc_row-flex\"><div class=\"wpb_column vc_column_container vc_col-sm-12\"><div class=\"vc_column-inner vc_custom_1616260435611\"><div class=\"wpb_wrapper\">\n\t<div class=\"wpb_text_column wpb_content_element  vc_custom_1634718542617\" >\n\t\t<div class=\"wpb_wrapper\">\n\t\t\t<p class=\"txt_p_h1_space\">ISEN Centro Universitario, en calidad de Facultad adscrita a la Universidad de Murcia, ha apostado desde su fundaci\u00f3n por ser un proyecto educativo de calidad, tal y como lo pueden atestiguar los m\u00e1s de 8.000 estudiantes universitarios, y los 15.000 de Formaci\u00f3n Profesional, que se han titulado en nuestras aulas. Treinta a\u00f1os de experiencia en la formaci\u00f3n universitaria, y treinta y ocho dedicados a la Formaci\u00f3n Profesional, avalan un trabajo presidido por el rigor, la prudencia y la sostenibilidad.<\/p>\n\n\t\t<\/div>\n\t<\/div>\n\n\t<div class=\"wpb_text_column wpb_content_element  vc_custom_1621433501717\" >\n\t\t<div class=\"wpb_wrapper\">\n\t\t\t<div class=\"cont_menu_h1\">\n<p><a href=\"https:\/\/isen.es\/en\/oferta-academica\/\">Academic Offer<\/a><a href=\"https:\/\/isen.es\/en\/centro-universitario\/\">The Center<\/a><a href=\"https:\/\/isen.es\/en\/sostenibilidad\/\">Sustainability<\/a><\/p>\n<\/div>\n\n\t\t<\/div>\n\t<\/div>\n<\/div><\/div><\/div><\/div><\/div><\/div><\/div><\/div><div class=\"vc_row wpb_row vc_row-fluid vc_custom_1620748527365\"><div class=\"wpb_column vc_column_container vc_col-sm-12\"><div class=\"vc_column-inner\"><div class=\"wpb_wrapper\">\t<link rel='stylesheet' href='https:\/\/cdnjs.cloudflare.com\/ajax\/libs\/OwlCarousel2\/2.3.4\/assets\/owl.carousel.min.css' type='text\/css' media='all' \/>\n\n    <link rel=\"stylesheet\" href=\"https:\/\/cdnjs.cloudflare.com\/ajax\/libs\/OwlCarousel2\/2.3.4\/assets\/owl.theme.default.css\" integrity=\"sha512-OTcub78R3msOCtY3Tc6FzeDJ8N9qvQn1Ph49ou13xgA9VsH9+LRxoFU6EqLhW4+PKRfU+\/HReXmSZXHEkpYoOA==\" crossorigin=\"anonymous\" \/>\n\n    <script src=\"https:\/\/cdnjs.cloudflare.com\/ajax\/libs\/jquery\/3.6.0\/jquery.min.js\" integrity=\"sha512-894YE6QWD5I59HgZOGReFYm4dnWc1Qt5NtvYSaNcOP+u1T9qYdvdihz0PPSiiqn\/+\/3e7Jo4EaG7TubfWGUrMQ==\" crossorigin=\"anonymous\"><\/script>\n\n    <script src=\"https:\/\/cdnjs.cloudflare.com\/ajax\/libs\/OwlCarousel2\/2.3.4\/owl.carousel.js\" integrity=\"sha512-gY25nC63ddE0LcLPhxUJGFxa2GoIyA5FLym4UJqHDEMHjp8RET6Zn\/SHo1sltt3WuVtqfyxECP38\/daUc\/WVEA==\" crossorigin=\"anonymous\"><\/script>\n\n<section id=\"slide-home-1\">\n    <div class=\"row\">\n      <div class=\"large columns\">\n        <div class=\"owl-carousel owl-theme\">\n\t\t\t\n\t\t<div class=\"item content-slide\">\n            <div style=\"background-image: url(https:\/\/isen.es\/wp-content\/themes\/isen\/img\/imagenes\/imagen1.jpg);\" class=\"contenedor-img\">\n                <h2>Cartagena<\/h2>\n                <p>Get to know more about a city with history, leisure, nature, and culture.\n                <\/p>\n                <a href=\"https:\/\/isen.es\/en\/cartagena\/\">Know more<\/a>\n            <\/div>\n          \n          <\/div>\n\t\t\t\n\t\t   <div class=\"item content-slide\">\n            <div style=\"background-image: url(https:\/\/www.isen.es\/wp-content\/uploads\/2021\/05\/Interseccion-2.jpg);\" class=\"contenedor-img\">\n                <h2>Volunteering<\/h2>\n                <p>Your real impact, your choice.\n                <\/p>\n                <a href=\"https:\/\/isen.es\/en\/voluntariado-en-isen\/\">Know more<\/a>\n            <\/div>\n          \n          <\/div>\n\n          <div class=\"item content-slide\">\n            <div style=\"background-image: url(https:\/\/isen.es\/wp-content\/uploads\/2021\/05\/Interseccion-26-min.jpg);\" class=\"contenedor-img\">\n                <h2>Sustainability<\/h2>\n                <p>\n                    Our building and values are founded on the SDGs 2030.\n                <\/p>\n                <a href=\"https:\/\/isen.es\/en\/sostenibilidad\/\">Know more<\/a>\n            <\/div>\n          <\/div>\n        <\/div>\n        \n        <script>\n          $(document).ready(function() {\n            $('.owl-carousel').owlCarousel({\n              margin: 10,\n              loop: true,\n              autoWidth: true,\n              items: 2,\n             \n            })\n          })\n\n\n        <\/script>\n      <\/div>\n    <\/div>\n  <\/section>\n\n\t<div class=\"wpb_text_column wpb_content_element\" >\n\t\t<div class=\"wpb_wrapper\">\n\t\t\t\n\n\t\t<\/div>\n\t<\/div>\n<\/div><\/div><\/div><\/div><div class=\"vc_row wpb_row vc_row-fluid contenedor_text_v contenedor_text_v_reps vc_custom_1619733650625\"><div class=\"wpb_column vc_column_container vc_col-sm-6\"><div class=\"vc_column-inner vc_custom_1619690606270\"><div class=\"wpb_wrapper\"><h3 style=\"text-align: left\" class=\"vc_custom_heading txt_h3_estu\" >ACADEMY OFFER<\/h3><h2 style=\"text-align: left\" class=\"vc_custom_heading txt_h2_h1\" >What would you like to study?<\/h2>\n\t<div class=\"wpb_text_column wpb_content_element  vc_custom_1634718729528 txt_p_h1_space\" >\n\t\t<div class=\"wpb_wrapper\">\n\t\t\t<p>En ISEN contamos con un excelente equipo de preparadores con experiencia en el \u00e1mbito acad\u00e9mico, garantizando una formaci\u00f3n de gran calidad. Nuestra oferta formativa con\u00a0 Grados y M\u00e1steres Universitarios,\u00a0 especializada en el \u00e1mbito de la Educaci\u00f3n y la Seguridad.<\/p>\n\n\t\t<\/div>\n\t<\/div>\n<div class=\"vc_tta-container\" data-vc-action=\"collapseAll\"><div class=\"vc_general vc_tta vc_tta-accordion vc_tta-color-white vc_tta-style-classic vc_tta-shape-rounded vc_tta-o-shape-group vc_tta-controls-align-left vc_tta-o-all-clickable  acordeon_h1 vc_custom_1617960745384\"><div class=\"vc_tta-panels-container\"><div class=\"vc_tta-panels\"><div class=\"vc_tta-panel\" id=\"grados\" data-vc-content=\".vc_tta-panel-body\"><div class=\"vc_tta-panel-heading\"><h4 class=\"vc_tta-panel-title\"><a href=\"#grados\" data-vc-accordion data-vc-container=\".vc_tta-container\"><span class=\"vc_tta-title-text\">Bachelor\u2019s<\/span><i class=\"vc_tta-icon vc-material vc-material-arrow_downward\"><\/i><\/a><\/h4><\/div><div class=\"vc_tta-panel-body\"><h2 style=\"text-align: left\" class=\"vc_custom_heading enlace_global_fleha_de\" ><a href=\"https:\/\/isen.es\/en\/grados\/grado-en-educacion-infantil\/\" title=\"Degree in Preschool Education\">Degree in Preschool Education<\/a><\/h2><h2 style=\"text-align: left\" class=\"vc_custom_heading enlace_global_fleha_de\" ><a href=\"https:\/\/isen.es\/en\/grados\/grado-en-educacion-primaria\/\" title=\"Degree in Primary Education\">Degree in Primary Education<\/a><\/h2><h2 style=\"text-align: left\" class=\"vc_custom_heading enlace_global_fleha_de\" ><a href=\"https:\/\/isen.es\/en\/grados\/degree-in-primary-education-bilingual-group\/\" title=\"Degree in Primary Education, Bilingual group\">Degree in Primary Education, Bilingual group<\/a><\/h2><h2 style=\"text-align: left\" class=\"vc_custom_heading enlace_global_fleha_de\" ><a href=\"https:\/\/isen.es\/en\/grados\/pceo-programacion-conjunta-de-estudios-oficiales-educacion-infantil-educacion-primaria\/\" title=\"Dual Degree in Preschool Education + Primary Education\">Dual Degree in Preschool Education + Primary Education<\/a><\/h2><h2 style=\"text-align: left\" class=\"vc_custom_heading enlace_global_fleha_de\" ><a href=\"https:\/\/isen.es\/en\/grados\/grado-en-seguridad\/\" title=\"Grado en Seguridad (Menciones P\u00fablica y Privada)\">Grado en Seguridad: ONLINE o PRESENCIAL<\/a><\/h2><h2 style=\"text-align: left\" class=\"vc_custom_heading enlace_global_fleha_de\" ><a href=\"https:\/\/isen.es\/en\/grados\/grado-en-seguridad-pceo-programacion-conjunta-de-estudios-oficiales-criminologia-seguridad\/\" title=\"Dual Degree in Security and Criminology\">Dual Degree in Security and Criminology<\/a><\/h2><\/div><\/div><div class=\"vc_tta-panel\" id=\"masteres\" data-vc-content=\".vc_tta-panel-body\"><div class=\"vc_tta-panel-heading\"><h4 class=\"vc_tta-panel-title\"><a href=\"#masteres\" data-vc-accordion data-vc-container=\".vc_tta-container\"><span class=\"vc_tta-title-text\">Master\u2019s<\/span><i class=\"vc_tta-icon vc-material vc-material-arrow_downward\"><\/i><\/a><\/h4><\/div><div class=\"vc_tta-panel-body\"><p style=\"text-align: left\" class=\"vc_custom_heading enlace_global_fleha_de\" ><a href=\"https:\/\/isen.es\/en\/masters\/investigacion-e-innovacion-en-educacion-infantil-y-educacion-primaria\/\" title=\"Master\u2019s Degree in Research and Innovation in Preschool and Primary Education\">Master\u2019s Degree in Research and Innovation in Preschool and Primary Education<\/a><\/p><\/div><\/div><div class=\"vc_tta-panel\" id=\"programa-internacional\" data-vc-content=\".vc_tta-panel-body\"><div class=\"vc_tta-panel-heading\"><h4 class=\"vc_tta-panel-title\"><a href=\"#programa-internacional\" data-vc-accordion data-vc-container=\".vc_tta-container\"><span class=\"vc_tta-title-text\">International Program<\/span><i class=\"vc_tta-icon vc-material vc-material-arrow_downward\"><\/i><\/a><\/h4><\/div><div class=\"vc_tta-panel-body\"><p style=\"text-align: left\" class=\"vc_custom_heading enlace_global_fleha_de\" ><a href=\"https:\/\/isen.es\/en\/programa\/curso-superior-en-seguridad-e-inteligencia-estrategica\/\" title=\"Advanced Course in Security and Strategic Intelligence\">Advanced Course in Security and Strategic Intelligence<\/a><\/p><\/div><\/div><\/div><\/div><\/div><\/div><h3 style=\"text-align: left\" class=\"vc_custom_heading btn_h1_fp\" ><a href=\"https:\/\/isenfp.fellasdevs.com\/\">Vocational Training<\/a><\/h3><\/div><\/div><\/div><div class=\"wpb_column vc_column_container vc_col-sm-5\"><div class=\"vc_column-inner vc_custom_1616263561802\"><div class=\"wpb_wrapper\">\n\t<div  class=\"wpb_single_image wpb_content_element vc_align_left  vc_custom_1620123955757\">\n\t\t\n\t\t<figure class=\"wpb_wrapper vc_figure\">\n\t\t\t<div class=\"vc_single_image-wrapper   vc_box_border_grey\"><img loading=\"lazy\" decoding=\"async\" width=\"777\" height=\"949\" src=\"https:\/\/isen.es\/wp-content\/uploads\/2021\/03\/Interseccion-5-min.jpg\" class=\"vc_single_image-img attachment-full\" alt=\"\" srcset=\"https:\/\/isen.es\/wp-content\/uploads\/2021\/03\/Interseccion-5-min.jpg 777w, https:\/\/isen.es\/wp-content\/uploads\/2021\/03\/Interseccion-5-min-246x300.jpg 246w, https:\/\/isen.es\/wp-content\/uploads\/2021\/03\/Interseccion-5-min-768x938.jpg 768w\" sizes=\"auto, (max-width: 777px) 100vw, 777px\" \/><\/div>\n\t\t<\/figure>\n\t<\/div>\n<\/div><\/div><\/div><div class=\"wpb_column vc_column_container vc_col-sm-1\"><div class=\"vc_column-inner vc_custom_1617012789013\"><div class=\"wpb_wrapper\">\n\t<div class=\"wpb_text_column wpb_content_element  vc_custom_1617012794542\" >\n\t\t<div class=\"wpb_wrapper\">\n\t\t\t<p style=\"text-align: center;\"><span class=\"txt_1h_v\">Studies<\/span><\/p>\n\n\t\t<\/div>\n\t<\/div>\n<\/div><\/div><\/div><\/div><div class=\"vc_row wpb_row vc_row-fluid contenedor_text_v vc_custom_1617016535097 vc_row-o-full-height vc_row-o-columns-bottom vc_row-o-equal-height vc_row-flex\"><div class=\"wpb_column vc_column_container vc_col-sm-1\"><div class=\"vc_column-inner vc_custom_1616249397543\"><div class=\"wpb_wrapper\">\n\t<div class=\"wpb_text_column wpb_content_element  vc_custom_1617013285762\" >\n\t\t<div class=\"wpb_wrapper\">\n\t\t\t<p style=\"text-align: center;\"><span class=\"txt_1h_v\">Students<\/span><\/p>\n\n\t\t<\/div>\n\t<\/div>\n<\/div><\/div><\/div><div class=\"conten_he_img wpb_column vc_column_container vc_col-sm-5\"><div class=\"vc_column-inner vc_custom_1617197799728\"><div class=\"wpb_wrapper\">\n\t<div  class=\"wpb_single_image wpb_content_element vc_align_left  vc_custom_1620382553383\">\n\t\t\n\t\t<figure class=\"wpb_wrapper vc_figure\">\n\t\t\t<div class=\"vc_single_image-wrapper   vc_box_border_grey\"><img loading=\"lazy\" decoding=\"async\" width=\"777\" height=\"949\" src=\"https:\/\/isen.es\/wp-content\/uploads\/2021\/05\/alumnos-inicio.jpg\" class=\"vc_single_image-img attachment-full\" alt=\"\" srcset=\"https:\/\/isen.es\/wp-content\/uploads\/2021\/05\/alumnos-inicio.jpg 777w, https:\/\/isen.es\/wp-content\/uploads\/2021\/05\/alumnos-inicio-246x300.jpg 246w, https:\/\/isen.es\/wp-content\/uploads\/2021\/05\/alumnos-inicio-768x938.jpg 768w\" sizes=\"auto, (max-width: 777px) 100vw, 777px\" \/><\/div>\n\t\t<\/figure>\n\t<\/div>\n<\/div><\/div><\/div><div class=\"wpb_column vc_column_container vc_col-sm-6\"><div class=\"vc_column-inner vc_custom_1619695675140\"><div class=\"wpb_wrapper\"><h2 style=\"text-align: left\" class=\"vc_custom_heading tit_txt_h1 vc_custom_1635338478363\" >Comunidad ISEN <\/h2><div class=\"vc_row wpb_row vc_inner vc_row-fluid vc_custom_1617013340491 vc_row-o-equal-height vc_row-o-content-bottom vc_row-flex\"><div class=\"wpb_column vc_column_container vc_col-sm-12\"><div class=\"vc_column-inner vc_custom_1617013350997\"><div class=\"wpb_wrapper\">\n\t<div class=\"wpb_text_column wpb_content_element  txt_p_h1_space\" >\n\t\t<div class=\"wpb_wrapper\">\n\t\t\t<p>Our students are our most valuable asset. Thus, we work every day to improve our training procedures and to instil the values that describe our university so well.<\/p>\n<p>A community of students that is ethical and diverse, integrative, committed and respectful with minorities, creative and innovative, based on a critical spirit, honesty and freedom.<\/p>\n\n\t\t<\/div>\n\t<\/div>\n\n\t<div class=\"wpb_text_column wpb_content_element  vc_custom_1635338402155\" >\n\t\t<div class=\"wpb_wrapper\">\n\t\t\t<div class=\"cont_menu_h1\"><a href=\"https:\/\/isen.es\/en\/alumnos\/\">Students<\/a><a href=\"https:\/\/isen.es\/en\/futuros-alumnos\/\">Future students<\/a><a href=\"https:\/\/isen.es\/en\/isen-alumni\/\">Alumni<\/a><\/div>\n\n\t\t<\/div>\n\t<\/div>\n<\/div><\/div><\/div><\/div><\/div><\/div><\/div><\/div><div class=\"vc_row wpb_row vc_row-fluid contenedor_text_v contenedor_text_v_reps vc_custom_1619989294547 vc_row-o-full-height vc_row-o-columns-bottom vc_row-o-equal-height vc_row-flex\"><div class=\"wpb_column vc_column_container vc_col-sm-11\"><div class=\"vc_column-inner vc_custom_1616264202024\"><div class=\"wpb_wrapper\">\n\t<div class=\"wpb_text_column wpb_content_element  vc_custom_1623659938626\" >\n\t\t<div class=\"wpb_wrapper\">\n\t\t\t<section id=\"custom_blog_noticias_home\"> <div>\t\t\n\t\t\t\t\t\t\t\t\t<article>\n\t\t\t\t\t\t\t\t\t\t<img decoding=\"async\" src=\"https:\/\/isen.es\/wp-content\/uploads\/2023\/11\/Copia-de-Post-para-Instagram-Frases-de-Motivacion-recordatorio-acuarela-azul-3.png\" \/>\n\t\t\t\t\t\t\t\t\t\t<div>\n\t\t\t\t\t\t\t\t\t\t\t\n\t\t\t\t\t\t\t\t\t<a class=\"cat_noti_home_custom\" href=\"\">Agenda<\/a>\t\t\t\t\t\t\t\t\t\t\t\n\t\t\t\t\t\t\t\t\t\t\t<h3>\n\t\t\t\t\t\t\t\t\t\t\t\tCONFERENCIA GUERRA EN LA FRANJA DE GAZA\t\t\t\t\t\t\t\t\t\t\t<\/h3>\n\t\t\t\t\t\t\t\t\t\t\t\n\t\t\t\t\t\t\t\t\t\t\t<p>\n\t\t\t\t\t\t\t\t\t\t\t\t<p>El pr\u00f3ximo 30 de noviembre tendremos el honor de contar con la presencia del Almirante D. Jos\u00e9 Mar\u00eda Trevi\u00f1o Ruiz para hablar sobre la guerra [&hellip;]<\/p>\n\t\n\t\t\t\t\t\t\t\t\t\t\t<\/p>\n\t\t\t\t\t\t\t\t\t\t\t\n\t\t\t\t\t\t\t\t\t\t \t<div class=\"tags_isen_home_blog_x\">\n\t\t\t\t\t\t\t\t\t\t\t\t\t\t\t\t\t\t\t\t\t\t\t<\/div>\n\t\t\t\t\t\t\t\t\t\t\t\n\t\t\t\t\t\t\t\t\t\t<a class=\"btn_home_custom_noti\" href=\"https:\/\/isen.es\/en\/conferencia-guerra-en-la-franja-de-gaza\/\">Leer m\u00e1s<\/a>\n\t\t\t\t\t\t\t\t\t\t<\/div>\n\t\t\t\t\t\t\t\t\t<\/article>\n\t\t\t\t\t\t\t\t\t\n\t\t\t\t\t\t\t\t\t\t\n\t\t\t\t\t\t\t\t\t<article>\n\t\t\t\t\t\t\t\t\t\t<img decoding=\"async\" src=\"https:\/\/isen.es\/wp-content\/uploads\/2023\/07\/246061.jpg\" \/>\n\t\t\t\t\t\t\t\t\t\t<div>\n\t\t\t\t\t\t\t\t\t\t\t\n\t\t\t\t\t\t\t\t\t<a class=\"cat_noti_home_custom\" href=\"\">News<\/a>\t\t\t\t\t\t\t\t\t\t\t\n\t\t\t\t\t\t\t\t\t\t\t<h3>\n\t\t\t\t\t\t\t\t\t\t\t\tISEN adquiere el Pabell\u00f3n de Presos de la C\u00e1rcel de San Ant\u00f3n\t\t\t\t\t\t\t\t\t\t\t<\/h3>\n\t\t\t\t\t\t\t\t\t\t\t\n\t\t\t\t\t\t\t\t\t\t\t<p>\n\t\t\t\t\t\t\t\t\t\t\t\t<p>El\u00a0Pabell\u00f3n de Presos de la C\u00e1rcel de San Ant\u00f3n\u00a0seguir\u00e1 en pie\u00a0y se\u00a0abrir\u00e1 a uso ciudadano, seg\u00fan ha informado la\u00a0alcaldesa de Cartagena, Noelia Arroyo, despu\u00e9s de [&hellip;]<\/p>\n\t\n\t\t\t\t\t\t\t\t\t\t\t<\/p>\n\t\t\t\t\t\t\t\t\t\t\t\n\t\t\t\t\t\t\t\t\t\t \t<div class=\"tags_isen_home_blog_x\">\n\t\t\t\t\t\t\t\t\t\t\t\t\t\t\t\t\t\t\t\t\t\t\t<\/div>\n\t\t\t\t\t\t\t\t\t\t\t\n\t\t\t\t\t\t\t\t\t\t<a class=\"btn_home_custom_noti\" href=\"https:\/\/isen.es\/en\/isen-adquiere-el-pabellon-de-presos-de-la-carcel-de-san-anton\/\">Leer m\u00e1s<\/a>\n\t\t\t\t\t\t\t\t\t\t<\/div>\n\t\t\t\t\t\t\t\t\t<\/article>\n\t\t\t\t\t\t\t\t\t\n\t\t\t\t\t\t\t\t\t\t\n\t\t\t\t\t\t\t\t\t<article>\n\t\t\t\t\t\t\t\t\t\t<img decoding=\"async\" src=\"https:\/\/isen.es\/wp-content\/uploads\/2023\/06\/Copia-de-Post-para-Instagram-Frases-de-Motivacion-recordatorio-acuarela-azul.png\" \/>\n\t\t\t\t\t\t\t\t\t\t<div>\n\t\t\t\t\t\t\t\t\t\t\t\n\t\t\t\t\t\t\t\t\t<a class=\"cat_noti_home_custom\" href=\"\">Agenda<\/a>\t\t\t\t\t\t\t\t\t\t\t\n\t\t\t\t\t\t\t\t\t\t\t<h3>\n\t\t\t\t\t\t\t\t\t\t\t\tPresentaci\u00f3n del libro \u00abConstituci\u00f3n o Muerte. Torrijos y el Trienio Liberal en Cartagena 1820-1823)\u00bb\t\t\t\t\t\t\t\t\t\t\t<\/h3>\n\t\t\t\t\t\t\t\t\t\t\t\n\t\t\t\t\t\t\t\t\t\t\t<p>\n\t\t\t\t\t\t\t\t\t\t\t\tPresentaci\u00f3n del libro: \u201cConstituci\u00f3n o Muerte. Torrijos y el Trienio Liberal en Cartagena (1820-1823)\u201d, de Pedro M\u00aa Egea Bruno, catedr\u00e1tico de Historia Contempor\u00e1nea en la [...]\t\n\t\t\t\t\t\t\t\t\t\t\t<\/p>\n\t\t\t\t\t\t\t\t\t\t\t\n\t\t\t\t\t\t\t\t\t\t \t<div class=\"tags_isen_home_blog_x\">\n\t\t\t\t\t\t\t\t\t\t\t\t\t\t\t\t\t\t\t\t\t\t\t<\/div>\n\t\t\t\t\t\t\t\t\t\t\t\n\t\t\t\t\t\t\t\t\t\t<a class=\"btn_home_custom_noti\" href=\"https:\/\/isen.es\/en\/presentacion-del-libro-constitucion-o-muerte-torrijos-y-el-trienio-liberal-en-cartagena-1820-1823\/\">Leer m\u00e1s<\/a>\n\t\t\t\t\t\t\t\t\t\t<\/div>\n\t\t\t\t\t\t\t\t\t<\/article>\n\t\t\t\t\t\t\t\t\t\n\t\t\t\t\t\t\t\t<\/div><\/section>\n\n\t\t<\/div>\n\t<\/div>\n\n\t<div class=\"wpb_text_column wpb_content_element  vc_custom_1623658196110\" >\n\t\t<div class=\"wpb_wrapper\">\n\t\t\t<section id=\"custom_blog_eventos_home\"> <div>\t\t\n\t\t\t\t\t\t\t\t\t<article>\n\t\t\t\t\t\t\t\t\t\t<img decoding=\"async\" src=\"https:\/\/isen.es\/wp-content\/uploads\/2023\/02\/Webinar_La-guerra-en-Ucrania-tras-su-primer-aniversario_01_03_20231016_page-0001.jpg\" \/>\n\t\t\t\t\t\t\t\t\t\t<div>\n\t\t\t\t\t\t\t\t\t\t\t\n\t\t\t\t\t\t\t\t\t<a class=\"cat_eventos-home_custom\" href=\"https:\/\/isen.es\/en\/category\/agenda\/\">Agenda<\/a>\t\t\t\t\t\t\t\t\t\t\t\n\t\t\t\t\t\t\t\t\t\t\t<h3>\n\t\t\t\t\t\t\t\t\t\t\t\tWEBINAR ONLINE GUERRA DE UCRANIA\t\t\t\t\t\t\t\t\t\t\t<\/h3>\n\t\t\t\t\t\t\t\t\t\t\t\n\t\t\t\t\t\t\t\t\t\t<div class=\"cont_inf_event_homex1\">\n\t\t\t\t\t\t\t\t\t\t\t<div>\n\t\t\t\t\t\t\t\t\t\t\t\t<h3 class=\"cont_inf_event_homex1_tit\">Fecha<\/h3>\n\t\t\t\t\t\t\t\t\t\t\t\t<span class=\"cont_inf_event_homex1_txt\">1 de marzo - 18:00 h<\/span>\n\t\t\t\t\t\t\t\t\t\t\t<\/div>\n\t\t\t\t\t\t\t\t\t\t\t<div>\n\t\t\t\t\t\t\t\t\t\t\t\t<h3 class=\"cont_inf_event_homex1_tit\">Lugar<\/h3>\n\t\t\t\t\t\t\t\t\t\t\t\t<span class=\"cont_inf_event_homex1_txt\">Online<\/span>\n\t\t\t\t\t\t\t\t\t\t\t<\/div>\n\t\t\t\t\t\t\t\t\t\t\n\t\t\t\t\t\t\t\t\t\t<\/div>\n\t\t\t\t\t\t\t\t\t\t\t\n\t\t\t\t\t\t\t\t\t\t\t<div class=\"tags_isen_home_blog_x\">\n\t\t\t\t\t\t\t\t\t\t\t\t#<a href=\"https:\/\/isen.es\/en\/tag\/curso\/\" rel=\"tag\">Curso<\/a>,  #<a href=\"https:\/\/isen.es\/en\/tag\/seguridad\/\" rel=\"tag\">Seguridad<\/a>,  #<a href=\"https:\/\/isen.es\/en\/tag\/ucrania\/\" rel=\"tag\">Ucrania<\/a>,  #<a href=\"https:\/\/isen.es\/en\/tag\/webinar\/\" rel=\"tag\">Webinar<\/a>\t\t\t\t\t\t\t\t\t\t\t<\/div>\n\t\t\t\t\t\t\t\t\t\t\t\n\t\t\t\t\t\t\t\t\t\t\t\n\t\t\t\t\t\t\t\t\t\t<a class=\"btn_home_custom_eventos\" href=\"https:\/\/isen.es\/en\/eventos\/webinar-online-guerra-de-ucrania\/\">Leer m\u00e1s<\/a>\n\t\t\t\t\t\t\t\t\t\t<\/div>\n\t\t\t\t\t\t\t\t\t<\/article>\n\t\t\t\t\t\t\t\t\t\n\t\t\t\t\t\t\t\t<\/div><\/section>\n\n\t\t<\/div>\n\t<\/div>\n<\/div><\/div><\/div><div class=\"wpb_column vc_column_container vc_col-sm-1\"><div class=\"vc_column-inner\"><div class=\"wpb_wrapper\">\n\t<div class=\"wpb_text_column wpb_content_element  vc_custom_1619706768356\" >\n\t\t<div class=\"wpb_wrapper\">\n\t\t\t<p style=\"text-align: center;\"><span class=\"txt_1h_v\">Agenda \/ Noticias<\/span><\/p>\n\n\t\t<\/div>\n\t<\/div>\n<\/div><\/div><\/div><\/div><div class=\"vc_row wpb_row vc_row-fluid\"><div class=\"wpb_column vc_column_container vc_col-sm-12\"><div class=\"vc_column-inner\"><div class=\"wpb_wrapper\">\n\t<div class=\"wpb_raw_code wpb_raw_js\" >\n\t\t<div class=\"wpb_wrapper\">\n\t\t\t<script>\n$( document ).ready(function() {\n\nfunction baner(){\n$('.baner_covid').addClass(\"banner_open\");\n}\n\nsetTimeout(baner,3000);\n\t\n});\n\n$('.x_baner').click(function(){\n     $('.baner_covid').removeClass(\"banner_open\");\n});\n\n \n<\/script>\n\t\t<\/div>\n\t<\/div>\n<\/div><\/div><\/div><\/div>","protected":false},"excerpt":{"rendered":"Webinar online sobre la guerra de Ucrania Este 24 de febrero se cumplir\u00e1 un a\u00f1o desde que comenz\u00f3 la guerra de Ucrania y Rusia. Desde [...]","protected":false},"author":2,"featured_media":3280,"parent":0,"menu_order":0,"comment_status":"closed","ping_status":"closed","template":"","meta":{"_acf_changed":false,"inline_featured_image":false,"footnotes":""},"class_list":["post-3101","page","type-page","status-publish","has-post-thumbnail","hentry"],"acf":[],"yoast_head":"<!-- This site is optimized with the Yoast SEO plugin v27.5 - https:\/\/yoast.com\/product\/yoast-seo-wordpress\/ -->\n<title>ISEN Centro Universitario - Facultad adscrita a la Universidad de Murcia<\/title>\n<meta name=\"description\" content=\"Facultad adscrita a la Universidad de Murcia cuya oferta educativa est\u00e1 especializada en el \u00e1mbito de la Educaci\u00f3n y la Seguridad.\" \/>\n<meta name=\"robots\" content=\"index, follow, max-snippet:-1, max-image-preview:large, max-video-preview:-1\" \/>\n<link rel=\"canonical\" href=\"https:\/\/isen.es\/en\/home-2\/\" \/>\n<meta property=\"og:locale\" content=\"en_GB\" \/>\n<meta property=\"og:type\" content=\"article\" \/>\n<meta property=\"og:title\" content=\"ISEN Centro Universitario - Facultad adscrita a la Universidad de Murcia\" \/>\n<meta property=\"og:description\" content=\"Facultad adscrita a la Universidad de Murcia cuya oferta educativa est\u00e1 especializada en el \u00e1mbito de la Educaci\u00f3n y la Seguridad.\" \/>\n<meta property=\"og:url\" content=\"https:\/\/isen.es\/en\/home-2\/\" \/>\n<meta property=\"og:site_name\" content=\"ISEN Centro Universitario\" \/>\n<meta property=\"article:modified_time\" content=\"2021-10-27T12:44:10+00:00\" \/>\n<meta property=\"og:image\" content=\"https:\/\/isen.es\/wp-content\/uploads\/2021\/07\/21.07.27_Isen_0430-scaled.jpg\" \/>\n\t<meta property=\"og:image:width\" content=\"2560\" \/>\n\t<meta property=\"og:image:height\" content=\"1707\" \/>\n\t<meta property=\"og:image:type\" content=\"image\/jpeg\" \/>\n<meta name=\"twitter:card\" content=\"summary_large_image\" \/>\n<meta name=\"twitter:label1\" content=\"Estimated reading time\" \/>\n\t<meta name=\"twitter:data1\" content=\"4 minutes\" \/>\n<script type=\"application\/ld+json\" class=\"yoast-schema-graph\">{\"@context\":\"https:\\\/\\\/schema.org\",\"@graph\":[{\"@type\":\"WebPage\",\"@id\":\"https:\\\/\\\/isen.es\\\/home-2\\\/\",\"url\":\"https:\\\/\\\/isen.es\\\/home-2\\\/\",\"name\":\"ISEN Centro Universitario - Facultad adscrita a la Universidad de Murcia\",\"isPartOf\":{\"@id\":\"https:\\\/\\\/isen.es\\\/#website\"},\"primaryImageOfPage\":{\"@id\":\"https:\\\/\\\/isen.es\\\/home-2\\\/#primaryimage\"},\"image\":{\"@id\":\"https:\\\/\\\/isen.es\\\/home-2\\\/#primaryimage\"},\"thumbnailUrl\":\"https:\\\/\\\/isen.es\\\/wp-content\\\/uploads\\\/2021\\\/07\\\/21.07.27_Isen_0430-scaled.jpg\",\"datePublished\":\"2021-06-14T08:39:31+00:00\",\"dateModified\":\"2021-10-27T12:44:10+00:00\",\"description\":\"Facultad adscrita a la Universidad de Murcia cuya oferta educativa est\u00e1 especializada en el \u00e1mbito de la Educaci\u00f3n y la Seguridad.\",\"breadcrumb\":{\"@id\":\"https:\\\/\\\/isen.es\\\/home-2\\\/#breadcrumb\"},\"inLanguage\":\"en-GB\",\"potentialAction\":[{\"@type\":\"ReadAction\",\"target\":[\"https:\\\/\\\/isen.es\\\/home-2\\\/\"]}]},{\"@type\":\"ImageObject\",\"inLanguage\":\"en-GB\",\"@id\":\"https:\\\/\\\/isen.es\\\/home-2\\\/#primaryimage\",\"url\":\"https:\\\/\\\/isen.es\\\/wp-content\\\/uploads\\\/2021\\\/07\\\/21.07.27_Isen_0430-scaled.jpg\",\"contentUrl\":\"https:\\\/\\\/isen.es\\\/wp-content\\\/uploads\\\/2021\\\/07\\\/21.07.27_Isen_0430-scaled.jpg\",\"width\":2560,\"height\":1707,\"caption\":\"primera promoci\u00f3n grado en seguridad\"},{\"@type\":\"BreadcrumbList\",\"@id\":\"https:\\\/\\\/isen.es\\\/home-2\\\/#breadcrumb\",\"itemListElement\":[{\"@type\":\"ListItem\",\"position\":1,\"name\":\"Portada\",\"item\":\"https:\\\/\\\/isen.es\\\/\"},{\"@type\":\"ListItem\",\"position\":2,\"name\":\"Inicio\"}]},{\"@type\":\"WebSite\",\"@id\":\"https:\\\/\\\/isen.es\\\/#website\",\"url\":\"https:\\\/\\\/isen.es\\\/\",\"name\":\"ISEN Centro Universitario\",\"description\":\"Facultad Adscrita a la Universidad de Murcia\",\"publisher\":{\"@id\":\"https:\\\/\\\/isen.es\\\/#organization\"},\"potentialAction\":[{\"@type\":\"SearchAction\",\"target\":{\"@type\":\"EntryPoint\",\"urlTemplate\":\"https:\\\/\\\/isen.es\\\/?s={search_term_string}\"},\"query-input\":{\"@type\":\"PropertyValueSpecification\",\"valueRequired\":true,\"valueName\":\"search_term_string\"}}],\"inLanguage\":\"en-GB\"},{\"@type\":\"Organization\",\"@id\":\"https:\\\/\\\/isen.es\\\/#organization\",\"name\":\"ISEN Centro Universitario\",\"url\":\"https:\\\/\\\/isen.es\\\/\",\"logo\":{\"@type\":\"ImageObject\",\"inLanguage\":\"en-GB\",\"@id\":\"https:\\\/\\\/isen.es\\\/#\\\/schema\\\/logo\\\/image\\\/\",\"url\":\"https:\\\/\\\/isen.es\\\/wp-content\\\/uploads\\\/2021\\\/05\\\/favicon-isen.png\",\"contentUrl\":\"https:\\\/\\\/isen.es\\\/wp-content\\\/uploads\\\/2021\\\/05\\\/favicon-isen.png\",\"width\":512,\"height\":512,\"caption\":\"ISEN Centro Universitario\"},\"image\":{\"@id\":\"https:\\\/\\\/isen.es\\\/#\\\/schema\\\/logo\\\/image\\\/\"}}]}<\/script>\n<!-- \/ Yoast SEO plugin. -->","yoast_head_json":{"title":"ISEN Centro Universitario - Facultad adscrita a la Universidad de Murcia","description":"Facultad adscrita a la Universidad de Murcia cuya oferta educativa est\u00e1 especializada en el \u00e1mbito de la Educaci\u00f3n y la Seguridad.","robots":{"index":"index","follow":"follow","max-snippet":"max-snippet:-1","max-image-preview":"max-image-preview:large","max-video-preview":"max-video-preview:-1"},"canonical":"https:\/\/isen.es\/en\/home-2\/","og_locale":"en_GB","og_type":"article","og_title":"ISEN Centro Universitario - Facultad adscrita a la Universidad de Murcia","og_description":"Facultad adscrita a la Universidad de Murcia cuya oferta educativa est\u00e1 especializada en el \u00e1mbito de la Educaci\u00f3n y la Seguridad.","og_url":"https:\/\/isen.es\/en\/home-2\/","og_site_name":"ISEN Centro Universitario","article_modified_time":"2021-10-27T12:44:10+00:00","og_image":[{"width":2560,"height":1707,"url":"https:\/\/isen.es\/wp-content\/uploads\/2021\/07\/21.07.27_Isen_0430-scaled.jpg","type":"image\/jpeg"}],"twitter_card":"summary_large_image","twitter_misc":{"Estimated reading time":"4 minutes"},"schema":{"@context":"https:\/\/schema.org","@graph":[{"@type":"WebPage","@id":"https:\/\/isen.es\/home-2\/","url":"https:\/\/isen.es\/home-2\/","name":"ISEN Centro Universitario - Facultad adscrita a la Universidad de Murcia","isPartOf":{"@id":"https:\/\/isen.es\/#website"},"primaryImageOfPage":{"@id":"https:\/\/isen.es\/home-2\/#primaryimage"},"image":{"@id":"https:\/\/isen.es\/home-2\/#primaryimage"},"thumbnailUrl":"https:\/\/isen.es\/wp-content\/uploads\/2021\/07\/21.07.27_Isen_0430-scaled.jpg","datePublished":"2021-06-14T08:39:31+00:00","dateModified":"2021-10-27T12:44:10+00:00","description":"Facultad adscrita a la Universidad de Murcia cuya oferta educativa est\u00e1 especializada en el \u00e1mbito de la Educaci\u00f3n y la Seguridad.","breadcrumb":{"@id":"https:\/\/isen.es\/home-2\/#breadcrumb"},"inLanguage":"en-GB","potentialAction":[{"@type":"ReadAction","target":["https:\/\/isen.es\/home-2\/"]}]},{"@type":"ImageObject","inLanguage":"en-GB","@id":"https:\/\/isen.es\/home-2\/#primaryimage","url":"https:\/\/isen.es\/wp-content\/uploads\/2021\/07\/21.07.27_Isen_0430-scaled.jpg","contentUrl":"https:\/\/isen.es\/wp-content\/uploads\/2021\/07\/21.07.27_Isen_0430-scaled.jpg","width":2560,"height":1707,"caption":"primera promoci\u00f3n grado en seguridad"},{"@type":"BreadcrumbList","@id":"https:\/\/isen.es\/home-2\/#breadcrumb","itemListElement":[{"@type":"ListItem","position":1,"name":"Portada","item":"https:\/\/isen.es\/"},{"@type":"ListItem","position":2,"name":"Inicio"}]},{"@type":"WebSite","@id":"https:\/\/isen.es\/#website","url":"https:\/\/isen.es\/","name":"ISEN Centro Universitario","description":"Facultad Adscrita a la Universidad de Murcia","publisher":{"@id":"https:\/\/isen.es\/#organization"},"potentialAction":[{"@type":"SearchAction","target":{"@type":"EntryPoint","urlTemplate":"https:\/\/isen.es\/?s={search_term_string}"},"query-input":{"@type":"PropertyValueSpecification","valueRequired":true,"valueName":"search_term_string"}}],"inLanguage":"en-GB"},{"@type":"Organization","@id":"https:\/\/isen.es\/#organization","name":"ISEN Centro Universitario","url":"https:\/\/isen.es\/","logo":{"@type":"ImageObject","inLanguage":"en-GB","@id":"https:\/\/isen.es\/#\/schema\/logo\/image\/","url":"https:\/\/isen.es\/wp-content\/uploads\/2021\/05\/favicon-isen.png","contentUrl":"https:\/\/isen.es\/wp-content\/uploads\/2021\/05\/favicon-isen.png","width":512,"height":512,"caption":"ISEN Centro Universitario"},"image":{"@id":"https:\/\/isen.es\/#\/schema\/logo\/image\/"}}]}},"_links":{"self":[{"href":"https:\/\/isen.es\/en\/wp-json\/wp\/v2\/pages\/3101","targetHints":{"allow":["GET"]}}],"collection":[{"href":"https:\/\/isen.es\/en\/wp-json\/wp\/v2\/pages"}],"about":[{"href":"https:\/\/isen.es\/en\/wp-json\/wp\/v2\/types\/page"}],"author":[{"embeddable":true,"href":"https:\/\/isen.es\/en\/wp-json\/wp\/v2\/users\/2"}],"replies":[{"embeddable":true,"href":"https:\/\/isen.es\/en\/wp-json\/wp\/v2\/comments?post=3101"}],"version-history":[{"count":5,"href":"https:\/\/isen.es\/en\/wp-json\/wp\/v2\/pages\/3101\/revisions"}],"predecessor-version":[{"id":3376,"href":"https:\/\/isen.es\/en\/wp-json\/wp\/v2\/pages\/3101\/revisions\/3376"}],"wp:featuredmedia":[{"embeddable":true,"href":"https:\/\/isen.es\/en\/wp-json\/wp\/v2\/media\/3280"}],"wp:attachment":[{"href":"https:\/\/isen.es\/en\/wp-json\/wp\/v2\/media?parent=3101"}],"curies":[{"name":"wp","href":"https:\/\/api.w.org\/{rel}","templated":true}]}}