{"id":3155,"date":"2021-05-04T08:40:12","date_gmt":"2021-05-04T06:40:12","guid":{"rendered":"https:\/\/isen.es\/?post_type=grados&#038;p=1934"},"modified":"2021-06-30T17:01:20","modified_gmt":"2021-06-30T15:01:20","slug":"seminario-de-seguridad-2021-online","status":"publish","type":"page","link":"https:\/\/isen.es\/en\/seminario-de-seguridad-2021-online\/","title":{"rendered":"II SEMINARIO DE SEGURIDAD &#8211; VERANO 2021."},"content":{"rendered":"<div class=\"vc_row wpb_row vc_row-fluid cont_img_AAA_init_cs vc_custom_1624969609691 vc_row-has-fill\"><div class=\"wpb_column vc_column_container vc_col-sm-12\"><div class=\"vc_column-inner vc_custom_1624967763884\"><div class=\"wpb_wrapper\"><h1 style=\"text-align: left\" class=\"vc_custom_heading\" >PANORAMA GEOESTRAT\u00c9GICO DE LA SEGURIDAD EN LOS ALBORES DE LA TERCERA D\u00c9CADA DEL SIGLO XXI<\/h1><h2 style=\"text-align: left\" class=\"vc_custom_heading\" >II SEMINARIO DE SEGURIDAD - VERANO 2021.<\/h2><div style=\"text-align: center\" class=\"vc_custom_heading btn_post_\" ><a href=\"#Informacion\">M\u00e1s informaci\u00f3n<\/a><\/div><\/div><\/div><\/div><\/div><div id=\"contenedor_tab_custom_page\" class=\"vc_row wpb_row vc_row-fluid conten_estudi vc_row-o-full-height vc_row-o-columns-top vc_row-o-equal-height vc_row-o-content-top vc_row-flex\"><div class=\"wpb_column vc_column_container vc_col-sm-1 vc_col-has-fill\"><div class=\"vc_column-inner vc_custom_1617183763344\"><div class=\"wpb_wrapper\"><div style=\"text-align: center\" class=\"vc_custom_heading txt_1h_v_fp vc_custom_1617183745232\" >II SEMINARIO DE SEGURIDAD &#8211; VERANO 2021.<\/div><\/div><\/div><\/div><div class=\"wpb_column vc_column_container vc_col-sm-11\"><div class=\"vc_column-inner vc_custom_1617182941308\"><div class=\"wpb_wrapper\"><div class=\"vc_tta-container\" data-vc-action=\"collapse\" id=\"acorde_fx\"><div class=\"vc_general vc_tta vc_tta-tabs vc_tta-color-grey vc_tta-style-classic vc_tta-shape-rounded vc_tta-spacing-1 vc_tta-tabs-position-top vc_tta-controls-align-left vc_custom_1625048835359\"><div class=\"vc_tta-tabs-container\"><ul class=\"vc_tta-tabs-list\"><li class=\"vc_tta-tab\" data-vc-tab><a href=\"#Informacion\" data-vc-tabs data-vc-container=\".vc_tta\"><span class=\"vc_tta-title-text\">Informaci\u00f3n General<\/span><\/a><\/li><li class=\"vc_tta-tab\" data-vc-tab><a href=\"#1624968915175-b82b16c6-6fcd\" data-vc-tabs data-vc-container=\".vc_tta\"><span class=\"vc_tta-title-text\">PDF<\/span><\/a><\/li><li class=\"vc_tta-tab\" data-vc-tab><a href=\"#1620641083100-43510845-b2f7\" data-vc-tabs data-vc-container=\".vc_tta\"><span class=\"vc_tta-title-text\">Direcci\u00f3n y Coordinaci\u00f3n<\/span><\/a><\/li><li class=\"vc_tta-tab\" data-vc-tab><a href=\"#registrate\" data-vc-tabs data-vc-container=\".vc_tta\"><span class=\"vc_tta-title-text\">Reg\u00edstrate<\/span><\/a><\/li><\/ul><\/div><div class=\"vc_tta-panels-container\"><div class=\"vc_tta-panels\"><div class=\"vc_tta-panel contenedor_tab_custom_page_all\" id=\"Informacion\" data-vc-content=\".vc_tta-panel-body\"><div class=\"vc_tta-panel-heading\"><h4 class=\"vc_tta-panel-title\"><a href=\"#Informacion\" data-vc-accordion data-vc-container=\".vc_tta-container\"><span class=\"vc_tta-title-text\">Informaci\u00f3n General<\/span><\/a><\/h4><\/div><div class=\"vc_tta-panel-body\"><div class=\"vc_row wpb_row vc_inner vc_row-fluid\"><div class=\"wpb_column vc_column_container vc_col-sm-12\"><div class=\"vc_column-inner\"><div class=\"wpb_wrapper\"><h2 style=\"text-align: left\" class=\"vc_custom_heading\" >Informaci\u00f3n General<\/h2><\/div><\/div><\/div><\/div><div class=\"vc_row wpb_row vc_inner vc_row-fluid vc_custom_1617966151398\"><div class=\"wpb_column vc_column_container vc_col-sm-3\"><div class=\"vc_column-inner\"><div class=\"wpb_wrapper\"><h3 style=\"text-align: left\" class=\"vc_custom_heading\" >Modalidad:<\/h3><h4 style=\"text-align: left\" class=\"vc_custom_heading\" >Online (se requiere la inscripci\u00f3n en el programa).<\/h4><\/div><\/div><\/div><div class=\"wpb_column vc_column_container vc_col-sm-3\"><div class=\"vc_column-inner\"><div class=\"wpb_wrapper\"><h3 style=\"text-align: left\" class=\"vc_custom_heading\" ><\/h3><h4 style=\"text-align: left\" class=\"vc_custom_heading\" >Se entregar\u00e1 certificado de asistencia a aquellos participantes que asistan a<br \/>\ntodas las conferencias.<\/h4><\/div><\/div><\/div><div class=\"wpb_column vc_column_container vc_col-sm-3\"><div class=\"vc_column-inner\"><div class=\"wpb_wrapper\"><h3 style=\"text-align: left\" class=\"vc_custom_heading\" >Duraci\u00f3n<\/h3><h4 style=\"text-align: left\" class=\"vc_custom_heading\" >14 horas.<\/h4><\/div><\/div><\/div><div class=\"wpb_column vc_column_container vc_col-sm-3\"><div class=\"vc_column-inner\"><div class=\"wpb_wrapper\"><h3 style=\"text-align: left\" class=\"vc_custom_heading\" >Fechas<\/h3><h4 style=\"text-align: left\" class=\"vc_custom_heading\" >19-23 de julio 2021.<\/h4><\/div><\/div><\/div><\/div><div class=\"vc_row wpb_row vc_inner vc_row-fluid\"><div class=\"wpb_column vc_column_container vc_col-sm-12\"><div class=\"vc_column-inner\"><div class=\"wpb_wrapper\"><h2 style=\"text-align: left\" class=\"vc_custom_heading\" >Descripci\u00f3n<\/h2>\n\t<div class=\"wpb_text_column wpb_content_element  txt_black_it\" >\n\t\t<div class=\"wpb_wrapper\">\n\t\t\t<p class=\"rtejustify\">\u201cPanorama geoestrat\u00e9gico de la Seguridad en los albores de la tercera d\u00e9cada del S. XXI\u201d, es el II Seminario de SEGURIDAD organizado por ISEN Centro Universitario, facultad adscrita a la Universidad de Murcia, bajo la direcci\u00f3n del Dr. Jos\u00e9 Lorenzo Jim\u00e9nez Bastida, General de Divisi\u00f3n (R) del Cuerpo de Intendencia del Ej\u00e9rcito del Aire, Doctor en Ciencias Econ\u00f3micas y profesor de ISEN, pretende aportar luz e \u201cinteligencia\u201d en tiempos turbulentos en los que hasta la identificaci\u00f3n y la previsibilidad de conducta de los propios aliados se trasfigura en una ardua tarea.<\/p>\n<p class=\"rtejustify\">Los vaivenes de la escena pol\u00edtica, la radicalidad extrema, la lucha por los recursos, la desigualdad y el desarrollo tecnol\u00f3gico, son causa de los cambios sociales, pol\u00edticos y econ\u00f3micos que sin reposo nos sorprenden y nos asaltan sin capacidad de reacci\u00f3n, porque no es posible dar respuesta a lo impredecible. Para que existan soluciones distintas al uso de la violencia, soluciones para problemas complejos, debe existir un plan definido y defendido por un grupo solvente de personas informadas, y ese es nuestro empe\u00f1o.<\/p>\n\n\t\t<\/div>\n\t<\/div>\n<\/div><\/div><\/div><\/div><div class=\"vc_row wpb_row vc_inner vc_row-fluid vc_custom_1619606157527\"><div class=\"wpb_column vc_column_container vc_col-sm-12\"><div class=\"vc_column-inner\"><div class=\"wpb_wrapper\"><h2 style=\"text-align: left\" class=\"vc_custom_heading\" >Objetivos y Justificaci\u00f3n<\/h2>\n\t<div class=\"wpb_text_column wpb_content_element\" >\n\t\t<div class=\"wpb_wrapper\">\n\t\t\t<p>El seminario pretende, desde la \u00f3ptica de la geopol\u00edtica y geoeconom\u00eda, reflexionar, explicar y entender las nuevas relaciones de poder y su evoluci\u00f3n futura. En el mundo de hoy no son posibles las soluciones dr\u00e1sticas para resolver problemas complejos: debemos tolerar la ambig\u00fcedad, incorporar a los otros a participar en la identificaci\u00f3n de las soluciones, pensar de forma creativa y manejar informaci\u00f3n veraz y subjetiva.<\/p>\n<p>Un programa destinado a profesionales, titulados y estudiantes del \u00e1rea de las Ciencias Sociales, interesados en poseer una capacitaci\u00f3n de gran valor a\u00f1adido para las empresas, corporaciones e instituciones p\u00fablicas: una nueva manera de entender en mundo.<\/p>\n\n\t\t<\/div>\n\t<\/div>\n<\/div><\/div><\/div><\/div><\/div><\/div><div class=\"vc_tta-panel contenedor_tab_custom_page_all\" id=\"1624968915175-b82b16c6-6fcd\" data-vc-content=\".vc_tta-panel-body\"><div class=\"vc_tta-panel-heading\"><h4 class=\"vc_tta-panel-title\"><a href=\"#1624968915175-b82b16c6-6fcd\" data-vc-accordion data-vc-container=\".vc_tta-container\"><span class=\"vc_tta-title-text\">PDF<\/span><\/a><\/h4><\/div><div class=\"vc_tta-panel-body\"><h2 style=\"text-align: left\" class=\"vc_custom_heading\" >M\u00e1s informaci\u00f3n<\/h2><div class=\"vc_row wpb_row vc_inner vc_row-fluid vc_custom_1619606157527\"><div class=\"wpb_column vc_column_container vc_col-sm-12\"><div class=\"vc_column-inner\"><div class=\"wpb_wrapper\">\n\t<div class=\"wpb_text_column wpb_content_element\" >\n\t\t<div class=\"wpb_wrapper\">\n\t\t\t<p><a href=\"https:\/\/isen.es\/wp-content\/uploads\/2021\/06\/PDF-ii-SEMINARIO-EN-SEGURIDAD.pdf\">Pincha aqu\u00ed.<\/a><\/p>\n\n\t\t<\/div>\n\t<\/div>\n<\/div><\/div><\/div><\/div><\/div><\/div><div class=\"vc_tta-panel contenedor_tab_custom_page_all\" id=\"1620641083100-43510845-b2f7\" data-vc-content=\".vc_tta-panel-body\"><div class=\"vc_tta-panel-heading\"><h4 class=\"vc_tta-panel-title\"><a href=\"#1620641083100-43510845-b2f7\" data-vc-accordion data-vc-container=\".vc_tta-container\"><span class=\"vc_tta-title-text\">Direcci\u00f3n y Coordinaci\u00f3n<\/span><\/a><\/h4><\/div><div class=\"vc_tta-panel-body\"><h2 style=\"text-align: left\" class=\"vc_custom_heading\" >Address<\/h2><div class=\"vc_row wpb_row vc_inner vc_row-fluid vc_custom_1619606157527\"><div class=\"wpb_column vc_column_container vc_col-sm-12\"><div class=\"vc_column-inner\"><div class=\"wpb_wrapper\">\n\t<div class=\"wpb_text_column wpb_content_element\" >\n\t\t<div class=\"wpb_wrapper\">\n\t\t\t<h4><strong>Director del Seminario:<\/strong><\/h4>\n<p><strong>Dr. Jos\u00e9 Lorenzo Jim\u00e9nez Bastida<\/strong>, General de Divisi\u00f3n (R) del Cuerpo de<br \/>\nIntendencia del Ej\u00e9rcito del Aire, doctor en Ciencias Econ\u00f3micas, profesor en<br \/>\nISEN Centro Universitario, facultad adscrita a la Universidad de Murcia.<br \/>\nE-mail: <a href=\"mailto:lorenzoj.bastida@um.es\">lorenzoj.bastida@um.es<\/a><br \/>\nTelf.: <a href=\"tel:968505313\">+34 968 50 53 13<\/a><\/p>\n<p><strong>Luis Cruz Miravet<\/strong><br \/>\nDirector general de ISEN Centro Universitario, facultad adscrita a la<br \/>\nUniversidad de Murcia Ldo. en Ciencias Pol\u00edticas y Sociolog\u00eda y DEA en<br \/>\nHistoria e Instituciones Econ\u00f3micas.<br \/>\nE-mail: <a href=\"mailto:lcruz@isen.es\">lcruz@isen.es<\/a><br \/>\nTelf.: <a href=\"tel:968505313\">+34 968 50 53 13<\/a><\/p>\n\n\t\t<\/div>\n\t<\/div>\n<\/div><\/div><\/div><\/div><h2 style=\"text-align: left\" class=\"vc_custom_heading\" >Coordinaci\u00f3n<\/h2><div class=\"vc_row wpb_row vc_inner vc_row-fluid vc_custom_1619606157527\"><div class=\"wpb_column vc_column_container vc_col-sm-12\"><div class=\"vc_column-inner\"><div class=\"wpb_wrapper\">\n\t<div class=\"wpb_text_column wpb_content_element\" >\n\t\t<div class=\"wpb_wrapper\">\n\t\t\t<p><strong>Departamento de Marketing de ISEN Centro Universitario.<\/strong><br \/>\n<strong>Ana Eguiluz Corchs<\/strong><br \/>\nE-mail: <a href=\"mailto:iseninternacional@isen.es\">iseninternacional@isen.es<\/a><br \/>\nTelf.: <a href=\"tel:968505313\">+34 968 50 53 13<\/a><\/p>\n<p><strong>Departamento de Comunicaci\u00f3n de ISEN Centro Universitario.<\/strong><br \/>\n<strong>Francisco S\u00e1nchez Garc\u00eda<\/strong><br \/>\nE-mail: <a href=\"mailto:comunicacion@isen.es\">comunicacion@isen.es<\/a><br \/>\nTelf.: <a href=\"tel:659512010\">+34 659 51 20 10<\/a><\/p>\n\n\t\t<\/div>\n\t<\/div>\n<\/div><\/div><\/div><\/div><\/div><\/div><div class=\"vc_tta-panel contenedor_tab_custom_page_all\" id=\"registrate\" data-vc-content=\".vc_tta-panel-body\"><div class=\"vc_tta-panel-heading\"><h4 class=\"vc_tta-panel-title\"><a href=\"#registrate\" data-vc-accordion data-vc-container=\".vc_tta-container\"><span class=\"vc_tta-title-text\">Reg\u00edstrate<\/span><\/a><\/h4><\/div><div class=\"vc_tta-panel-body\"><div class=\"vc_row wpb_row vc_inner vc_row-fluid\"><div class=\"wpb_column vc_column_container vc_col-sm-12\"><div class=\"vc_column-inner vc_custom_1618310647236\"><div class=\"wpb_wrapper\"><h2 style=\"text-align: left\" class=\"vc_custom_heading\" >Registro para el seminario de seguridad<\/h2>\n<div class=\"wpcf7 no-js\" id=\"wpcf7-f3190-o1\" lang=\"es-ES\" dir=\"ltr\" data-wpcf7-id=\"3190\">\n<div class=\"screen-reader-response\"><p role=\"status\" aria-live=\"polite\" aria-atomic=\"true\"><\/p> <ul><\/ul><\/div>\n<form action=\"\/en\/wp-json\/wp\/v2\/pages\/3155#wpcf7-f3190-o1\" method=\"post\" class=\"wpcf7-form init\" aria-label=\"Formulario de contacto\" novalidate=\"novalidate\" data-status=\"init\" data-trp-original-action=\"\/en\/wp-json\/wp\/v2\/pages\/3155#wpcf7-f3190-o1\">\n<fieldset class=\"hidden-fields-container\"><input type=\"hidden\" name=\"_wpcf7\" value=\"3190\" \/><input type=\"hidden\" name=\"_wpcf7_version\" value=\"6.1.5\" \/><input type=\"hidden\" name=\"_wpcf7_locale\" value=\"es_ES\" \/><input type=\"hidden\" name=\"_wpcf7_unit_tag\" value=\"wpcf7-f3190-o1\" \/><input type=\"hidden\" name=\"_wpcf7_container_post\" value=\"0\" \/><input type=\"hidden\" name=\"_wpcf7_posted_data_hash\" value=\"\" \/><input type=\"hidden\" name=\"_wpcf7_recaptcha_response\" value=\"\" \/>\n<\/fieldset>\n<p><label><br \/>\n<span class=\"wpcf7-form-control-wrap\" data-name=\"your-name\"><input size=\"40\" maxlength=\"400\" class=\"wpcf7-form-control wpcf7-text wpcf7-validates-as-required\" aria-required=\"true\" aria-invalid=\"false\" placeholder=\"Name\" value=\"\" type=\"text\" name=\"your-name\" \/><\/span> <\/label>\n<\/p>\n<p><label><br \/>\n<span class=\"wpcf7-form-control-wrap\" data-name=\"your-apellidos\"><input size=\"40\" maxlength=\"400\" class=\"wpcf7-form-control wpcf7-text wpcf7-validates-as-required\" aria-required=\"true\" aria-invalid=\"false\" placeholder=\"Apellido\" value=\"\" type=\"text\" name=\"your-apellidos\" \/><\/span> <\/label>\n<\/p>\n<p><label><br \/>\n<span class=\"wpcf7-form-control-wrap\" data-name=\"your-apellidos-1\"><input size=\"40\" maxlength=\"400\" class=\"wpcf7-form-control wpcf7-text wpcf7-validates-as-required\" aria-required=\"true\" aria-invalid=\"false\" placeholder=\"Apellido\" value=\"\" type=\"text\" name=\"your-apellidos-1\" \/><\/span> <\/label>\n<\/p>\n<p><label><br \/>\n<span class=\"wpcf7-form-control-wrap\" data-name=\"your-email\"><input size=\"40\" maxlength=\"400\" class=\"wpcf7-form-control wpcf7-email wpcf7-validates-as-required wpcf7-text wpcf7-validates-as-email\" aria-required=\"true\" aria-invalid=\"false\" placeholder=\"Email\" value=\"\" type=\"email\" name=\"your-email\" \/><\/span><\/label>\n<\/p>\n<p><label><br \/>\n<span class=\"wpcf7-form-control-wrap\" data-name=\"tel-760\"><input size=\"40\" maxlength=\"400\" class=\"wpcf7-form-control wpcf7-tel wpcf7-validates-as-required wpcf7-text wpcf7-validates-as-tel\" aria-required=\"true\" aria-invalid=\"false\" placeholder=\"Telephone\" value=\"\" type=\"tel\" name=\"tel-760\" \/><\/span> <\/label>\n<\/p>\n<p><label><br \/>\n<span class=\"wpcf7-form-control-wrap\" data-name=\"text-90\"><input size=\"40\" maxlength=\"400\" class=\"wpcf7-form-control wpcf7-text\" aria-invalid=\"false\" placeholder=\"Pa\u00eds\" value=\"\" type=\"text\" name=\"text-90\" \/><\/span><\/label>\n<\/p>\n<p><label><br \/>\n<span class=\"wpcf7-form-control-wrap\" data-name=\"your-ciudad\"><input size=\"40\" maxlength=\"400\" class=\"wpcf7-form-control wpcf7-text\" aria-invalid=\"false\" placeholder=\"Ciudad\" value=\"\" type=\"text\" name=\"your-ciudad\" \/><\/span><\/label>\n<\/p>\n<p><label><br \/>\n<span class=\"wpcf7-form-control-wrap\" data-name=\"your-message\"><textarea cols=\"40\" rows=\"10\" maxlength=\"2000\" class=\"wpcf7-form-control wpcf7-textarea\" aria-invalid=\"false\" placeholder=\"Mensaje\" name=\"your-message\"><\/textarea><\/span> <\/label>\n<\/p>\n<p><label class=\"cont_politi\"><br \/>\n<span class=\"wpcf7-form-control-wrap\" data-name=\"checkbox-696\"><span class=\"wpcf7-form-control wpcf7-checkbox wpcf7-validates-as-required\"><span class=\"wpcf7-list-item first last\"><label><input type=\"checkbox\" name=\"checkbox-696[]\" value=\"\" \/><span class=\"wpcf7-list-item-label\"><\/span><\/label><\/span><\/span><\/span><span>You consent, by checking the following check box, for your data to be used according to the purposes described in the <a href=\"https:\/\/isen.es\/en\/politica-de-privacidad-de-isen-centro-universitario\/\">Privacy Policy<\/a> and our <a href=\"https:\/\/isen.es\/en\/aviso-legal\/\">Legal Disclaimer.<\/a>.<\/span><\/label><br \/>\n<label class=\"cont_politi\"><br \/>\n<span class=\"wpcf7-form-control-wrap\" data-name=\"checkbox-697\"><span class=\"wpcf7-form-control wpcf7-checkbox wpcf7-validates-as-required\"><span class=\"wpcf7-list-item first last\"><label><input type=\"checkbox\" name=\"checkbox-697[]\" value=\"\" \/><span class=\"wpcf7-list-item-label\"><\/span><\/label><\/span><\/span><\/span><span>Consent, by checking the following check box, to receive communications regarding program and teaching activities and complementary related to our center via phone, postal mail, fax, email, or other electronic ways.<\/span><\/label><br \/>\n<label><br \/>\n<\/label><label><br \/>\n\t<span class=\"wpcf7-form-control-wrap recaptcha\" data-name=\"recaptcha\"><span data-sitekey=\"6Lc0BvUaAAAAAHl3ENWuW_zyS2FNaZzFJzHboLCf\" class=\"wpcf7-form-control wpcf7-recaptcha g-recaptcha\"><\/span>\r\n<noscript>\r\n\t<div class=\"grecaptcha-noscript\">\r\n\t\t<iframe loading=\"lazy\" src=\"https:\/\/www.google.com\/recaptcha\/api\/fallback?k=6Lc0BvUaAAAAAHl3ENWuW_zyS2FNaZzFJzHboLCf\" frameborder=\"0\" scrolling=\"no\" width=\"310\" height=\"430\">\r\n\t\t<\/iframe>\r\n\t\t<textarea name=\"g-recaptcha-response\" rows=\"3\" cols=\"40\" placeholder=\"Aqu\u00ed la respuesta de reCAPTCHA\">\r\n\t\t<\/textarea>\r\n\t<\/div>\r\n<\/noscript>\r\n<\/span><\/label>\n<\/p>\n<p><input class=\"wpcf7-form-control wpcf7-submit has-spinner\" type=\"submit\" value=\"Send\" \/>\n<\/p><div class=\"wpcf7-response-output\" aria-hidden=\"true\"><\/div>\n<input type=\"hidden\" name=\"trp-form-language\" value=\"en\"\/><\/form>\n<\/div>\n<\/div><\/div><\/div><\/div><\/div><\/div><\/div><\/div><\/div><\/div><\/div><\/div><\/div><\/div><div class=\"vc_row wpb_row vc_row-fluid\"><div class=\"wpb_column vc_column_container vc_col-sm-12\"><div class=\"vc_column-inner\"><div class=\"wpb_wrapper\">\n\t<div class=\"wpb_raw_code wpb_raw_js\" >\n\t\t<div class=\"wpb_wrapper\">\n\t\t\t<script>\n$( document ).ready(function() {\n\n\n\tfunction responsive(x) {\n\t\t\n        if (x.matches){\n\n   $('.vc_tta-tab:first-child ').addClass('vc_active');\n   $('.contenedor_tab_custom_page_all:first-child ').addClass('vc_active');\n\n\t}\n\t}\n\tlet x = window.matchMedia(\"(min-width:1024px)\");\n        responsive(x);\n        x.addListener(responsive);\n});\n\n\n<\/script>\n\t\t<\/div>\n\t<\/div>\n<\/div><\/div><\/div><\/div>","protected":false},"excerpt":{"rendered":"PANORAMA GEOESTRAT\u00c9GICO DE LA SEGURIDAD EN LOS ALBORES DE LA TERCERA D\u00c9CADA DEL SIGLO XXIII SEMINARIO DE SEGURIDAD - VERANO 2021.M\u00e1s informaci\u00f3nII SEMINARIO DE SEGURIDAD [...]","protected":false},"author":3,"featured_media":0,"parent":0,"menu_order":0,"comment_status":"closed","ping_status":"closed","template":"","meta":{"_acf_changed":false,"inline_featured_image":false,"footnotes":""},"class_list":["post-3155","page","type-page","status-publish","hentry"],"acf":[],"yoast_head":"<!-- This site is optimized with the Yoast SEO plugin v27.5 - https:\/\/yoast.com\/product\/yoast-seo-wordpress\/ -->\n<title>II SEMINARIO DE SEGURIDAD - VERANO 2021. - ISEN Centro Universitario<\/title>\n<meta name=\"description\" content=\"\u201cPanorama geoestrat\u00e9gico de la Seguridad en los albores de la tercera d\u00e9cada del S. XXI\u201d, es el II Seminario de SEGURIDAD organizado por ISEN Centro Universitario, facultad adscrita a la Universidad de Murcia, bajo la direcci\u00f3n del Dr. Jos\u00e9 Lorenzo Jim\u00e9nez Bastida\" \/>\n<meta name=\"robots\" content=\"index, follow, max-snippet:-1, max-image-preview:large, max-video-preview:-1\" \/>\n<link rel=\"canonical\" href=\"https:\/\/isen.es\/en\/seminario-de-seguridad-2021-online\/\" \/>\n<meta property=\"og:locale\" content=\"en_GB\" \/>\n<meta property=\"og:type\" content=\"article\" \/>\n<meta property=\"og:title\" content=\"PANORAMA GEOESTRAT\u00c9GICO DE LA SEGURIDAD EN LOS ALBORES DE LA TERCERA D\u00c9CADA DEL SIGLO XXI\" \/>\n<meta property=\"og:description\" content=\"\u201cPanorama geoestrat\u00e9gico de la Seguridad en los albores de la tercera d\u00e9cada del S. XXI\u201d, es el II Seminario de SEGURIDAD organizado por ISEN Centro Universitario, facultad adscrita a la Universidad de Murcia, bajo la direcci\u00f3n del Dr. Jos\u00e9 Lorenzo Jim\u00e9nez Bastida\" \/>\n<meta property=\"og:url\" content=\"https:\/\/isen.es\/en\/seminario-de-seguridad-2021-online\/\" \/>\n<meta property=\"og:site_name\" content=\"ISEN Centro Universitario\" \/>\n<meta property=\"article:modified_time\" content=\"2021-06-30T15:01:20+00:00\" \/>\n<meta name=\"twitter:card\" content=\"summary_large_image\" \/>\n<meta name=\"twitter:title\" content=\"PANORAMA GEOESTRAT\u00c9GICO DE LA SEGURIDAD EN LOS ALBORES DE LA TERCERA D\u00c9CADA DEL SIGLO XXI\" \/>\n<meta name=\"twitter:label1\" content=\"Estimated reading time\" \/>\n\t<meta name=\"twitter:data1\" content=\"3 minutes\" \/>\n<script type=\"application\/ld+json\" class=\"yoast-schema-graph\">{\"@context\":\"https:\\\/\\\/schema.org\",\"@graph\":[{\"@type\":\"WebPage\",\"@id\":\"https:\\\/\\\/isen.es\\\/seminario-de-seguridad-2021-online\\\/\",\"url\":\"https:\\\/\\\/isen.es\\\/seminario-de-seguridad-2021-online\\\/\",\"name\":\"II SEMINARIO DE SEGURIDAD - VERANO 2021. - ISEN Centro Universitario\",\"isPartOf\":{\"@id\":\"https:\\\/\\\/isen.es\\\/#website\"},\"datePublished\":\"2021-05-04T06:40:12+00:00\",\"dateModified\":\"2021-06-30T15:01:20+00:00\",\"description\":\"\u201cPanorama geoestrat\u00e9gico de la Seguridad en los albores de la tercera d\u00e9cada del S. XXI\u201d, es el II Seminario de SEGURIDAD organizado por ISEN Centro Universitario, facultad adscrita a la Universidad de Murcia, bajo la direcci\u00f3n del Dr. Jos\u00e9 Lorenzo Jim\u00e9nez Bastida\",\"breadcrumb\":{\"@id\":\"https:\\\/\\\/isen.es\\\/seminario-de-seguridad-2021-online\\\/#breadcrumb\"},\"inLanguage\":\"en-GB\",\"potentialAction\":[{\"@type\":\"ReadAction\",\"target\":[\"https:\\\/\\\/isen.es\\\/seminario-de-seguridad-2021-online\\\/\"]}]},{\"@type\":\"BreadcrumbList\",\"@id\":\"https:\\\/\\\/isen.es\\\/seminario-de-seguridad-2021-online\\\/#breadcrumb\",\"itemListElement\":[{\"@type\":\"ListItem\",\"position\":1,\"name\":\"Portada\",\"item\":\"https:\\\/\\\/isen.es\\\/\"},{\"@type\":\"ListItem\",\"position\":2,\"name\":\"II SEMINARIO DE SEGURIDAD &#8211; VERANO 2021.\"}]},{\"@type\":\"WebSite\",\"@id\":\"https:\\\/\\\/isen.es\\\/#website\",\"url\":\"https:\\\/\\\/isen.es\\\/\",\"name\":\"ISEN Centro Universitario\",\"description\":\"Facultad Adscrita a la Universidad de Murcia\",\"publisher\":{\"@id\":\"https:\\\/\\\/isen.es\\\/#organization\"},\"potentialAction\":[{\"@type\":\"SearchAction\",\"target\":{\"@type\":\"EntryPoint\",\"urlTemplate\":\"https:\\\/\\\/isen.es\\\/?s={search_term_string}\"},\"query-input\":{\"@type\":\"PropertyValueSpecification\",\"valueRequired\":true,\"valueName\":\"search_term_string\"}}],\"inLanguage\":\"en-GB\"},{\"@type\":\"Organization\",\"@id\":\"https:\\\/\\\/isen.es\\\/#organization\",\"name\":\"ISEN Centro Universitario\",\"url\":\"https:\\\/\\\/isen.es\\\/\",\"logo\":{\"@type\":\"ImageObject\",\"inLanguage\":\"en-GB\",\"@id\":\"https:\\\/\\\/isen.es\\\/#\\\/schema\\\/logo\\\/image\\\/\",\"url\":\"https:\\\/\\\/isen.es\\\/wp-content\\\/uploads\\\/2021\\\/05\\\/favicon-isen.png\",\"contentUrl\":\"https:\\\/\\\/isen.es\\\/wp-content\\\/uploads\\\/2021\\\/05\\\/favicon-isen.png\",\"width\":512,\"height\":512,\"caption\":\"ISEN Centro Universitario\"},\"image\":{\"@id\":\"https:\\\/\\\/isen.es\\\/#\\\/schema\\\/logo\\\/image\\\/\"}}]}<\/script>\n<!-- \/ Yoast SEO plugin. -->","yoast_head_json":{"title":"II SEMINARIO DE SEGURIDAD - VERANO 2021. - ISEN Centro Universitario","description":"\u201cPanorama geoestrat\u00e9gico de la Seguridad en los albores de la tercera d\u00e9cada del S. XXI\u201d, es el II Seminario de SEGURIDAD organizado por ISEN Centro Universitario, facultad adscrita a la Universidad de Murcia, bajo la direcci\u00f3n del Dr. Jos\u00e9 Lorenzo Jim\u00e9nez Bastida","robots":{"index":"index","follow":"follow","max-snippet":"max-snippet:-1","max-image-preview":"max-image-preview:large","max-video-preview":"max-video-preview:-1"},"canonical":"https:\/\/isen.es\/en\/seminario-de-seguridad-2021-online\/","og_locale":"en_GB","og_type":"article","og_title":"PANORAMA GEOESTRAT\u00c9GICO DE LA SEGURIDAD EN LOS ALBORES DE LA TERCERA D\u00c9CADA DEL SIGLO XXI","og_description":"\u201cPanorama geoestrat\u00e9gico de la Seguridad en los albores de la tercera d\u00e9cada del S. XXI\u201d, es el II Seminario de SEGURIDAD organizado por ISEN Centro Universitario, facultad adscrita a la Universidad de Murcia, bajo la direcci\u00f3n del Dr. Jos\u00e9 Lorenzo Jim\u00e9nez Bastida","og_url":"https:\/\/isen.es\/en\/seminario-de-seguridad-2021-online\/","og_site_name":"ISEN Centro Universitario","article_modified_time":"2021-06-30T15:01:20+00:00","twitter_card":"summary_large_image","twitter_title":"PANORAMA GEOESTRAT\u00c9GICO DE LA SEGURIDAD EN LOS ALBORES DE LA TERCERA D\u00c9CADA DEL SIGLO XXI","twitter_misc":{"Estimated reading time":"3 minutes"},"schema":{"@context":"https:\/\/schema.org","@graph":[{"@type":"WebPage","@id":"https:\/\/isen.es\/seminario-de-seguridad-2021-online\/","url":"https:\/\/isen.es\/seminario-de-seguridad-2021-online\/","name":"II SEMINARIO DE SEGURIDAD - VERANO 2021. - ISEN Centro Universitario","isPartOf":{"@id":"https:\/\/isen.es\/#website"},"datePublished":"2021-05-04T06:40:12+00:00","dateModified":"2021-06-30T15:01:20+00:00","description":"\u201cPanorama geoestrat\u00e9gico de la Seguridad en los albores de la tercera d\u00e9cada del S. XXI\u201d, es el II Seminario de SEGURIDAD organizado por ISEN Centro Universitario, facultad adscrita a la Universidad de Murcia, bajo la direcci\u00f3n del Dr. Jos\u00e9 Lorenzo Jim\u00e9nez Bastida","breadcrumb":{"@id":"https:\/\/isen.es\/seminario-de-seguridad-2021-online\/#breadcrumb"},"inLanguage":"en-GB","potentialAction":[{"@type":"ReadAction","target":["https:\/\/isen.es\/seminario-de-seguridad-2021-online\/"]}]},{"@type":"BreadcrumbList","@id":"https:\/\/isen.es\/seminario-de-seguridad-2021-online\/#breadcrumb","itemListElement":[{"@type":"ListItem","position":1,"name":"Portada","item":"https:\/\/isen.es\/"},{"@type":"ListItem","position":2,"name":"II SEMINARIO DE SEGURIDAD &#8211; VERANO 2021."}]},{"@type":"WebSite","@id":"https:\/\/isen.es\/#website","url":"https:\/\/isen.es\/","name":"ISEN Centro Universitario","description":"Facultad Adscrita a la Universidad de Murcia","publisher":{"@id":"https:\/\/isen.es\/#organization"},"potentialAction":[{"@type":"SearchAction","target":{"@type":"EntryPoint","urlTemplate":"https:\/\/isen.es\/?s={search_term_string}"},"query-input":{"@type":"PropertyValueSpecification","valueRequired":true,"valueName":"search_term_string"}}],"inLanguage":"en-GB"},{"@type":"Organization","@id":"https:\/\/isen.es\/#organization","name":"ISEN Centro Universitario","url":"https:\/\/isen.es\/","logo":{"@type":"ImageObject","inLanguage":"en-GB","@id":"https:\/\/isen.es\/#\/schema\/logo\/image\/","url":"https:\/\/isen.es\/wp-content\/uploads\/2021\/05\/favicon-isen.png","contentUrl":"https:\/\/isen.es\/wp-content\/uploads\/2021\/05\/favicon-isen.png","width":512,"height":512,"caption":"ISEN Centro Universitario"},"image":{"@id":"https:\/\/isen.es\/#\/schema\/logo\/image\/"}}]}},"_links":{"self":[{"href":"https:\/\/isen.es\/en\/wp-json\/wp\/v2\/pages\/3155","targetHints":{"allow":["GET"]}}],"collection":[{"href":"https:\/\/isen.es\/en\/wp-json\/wp\/v2\/pages"}],"about":[{"href":"https:\/\/isen.es\/en\/wp-json\/wp\/v2\/types\/page"}],"author":[{"embeddable":true,"href":"https:\/\/isen.es\/en\/wp-json\/wp\/v2\/users\/3"}],"replies":[{"embeddable":true,"href":"https:\/\/isen.es\/en\/wp-json\/wp\/v2\/comments?post=3155"}],"version-history":[{"count":34,"href":"https:\/\/isen.es\/en\/wp-json\/wp\/v2\/pages\/3155\/revisions"}],"predecessor-version":[{"id":3202,"href":"https:\/\/isen.es\/en\/wp-json\/wp\/v2\/pages\/3155\/revisions\/3202"}],"wp:attachment":[{"href":"https:\/\/isen.es\/en\/wp-json\/wp\/v2\/media?parent=3155"}],"curies":[{"name":"wp","href":"https:\/\/api.w.org\/{rel}","templated":true}]}}